{"id":20,"date":"2021-01-11T09:39:04","date_gmt":"2021-01-11T09:39:04","guid":{"rendered":"http:\/\/laczna2.opslaczna.pl\/?page_id=20"},"modified":"2025-10-16T06:57:44","modified_gmt":"2025-10-16T06:57:44","slug":"pomoc-spoleczna","status":"publish","type":"page","link":"https:\/\/opslaczna.pl\/?page_id=20","title":{"rendered":"Pomoc Spo\u0142eczna"},"content":{"rendered":"\t\t<div data-elementor-type=\"wp-page\" data-elementor-id=\"20\" class=\"elementor elementor-20\">\n\t\t\t\t\t\t<section class=\"elementor-section elementor-top-section elementor-element elementor-element-bf7fc9f elementor-section-boxed elementor-section-height-default elementor-section-height-default\" data-id=\"bf7fc9f\" data-element_type=\"section\">\n\t\t\t\t\t\t<div class=\"elementor-container elementor-column-gap-default\">\n\t\t\t\t\t<div class=\"elementor-column elementor-col-100 elementor-top-column elementor-element elementor-element-2b9084bb\" data-id=\"2b9084bb\" data-element_type=\"column\">\n\t\t\t<div class=\"elementor-widget-wrap elementor-element-populated\">\n\t\t\t\t\t\t<div class=\"elementor-element elementor-element-1f9618bf elementor-widget elementor-widget-text-editor\" data-id=\"1f9618bf\" data-element_type=\"widget\" data-widget_type=\"text-editor.default\">\n\t\t\t\t<div class=\"elementor-widget-container\">\n\t\t\t\t\t\t\t\t\t<p>Gminny O\u015brodek Pomocy Spo\u0142ecznej<br \/>Kamionki 60<br \/>26-140 \u0141\u0105czna<br \/>tel.\/fax GOPS (041) 254-84-79<br \/>tel.\/fax \u015awiadczenia Rodzinne (041) 2548667<br \/>Kierownik: Monika Marcisz<br \/>e-mail: <a href=\"mailto:gopslaczna@hot.pl\">gopslaczna@hot.pl<\/a><\/p><p style=\"text-align: center;\">Misj\u0105 Gminnego O\u015brodka Pomocy Spo\u0142ecznej w \u0141\u0105cznej jest<\/p><p style=\"text-align: center;\"><em>Pomoc Spo\u0142eczna wspiera osoby i rodziny<\/em><\/p><p style=\"text-align: center;\"><em>w wysi\u0142kach zmierzaj\u0105cych do zaspokojenia niezb\u0119dnych potrzeb<\/em><\/p><p style=\"text-align: center;\"><em>i umo\u017cliwia im \u017cycie w warunkach odpowiadaj\u0105cych godno\u015bci cz\u0142owieka<\/em><br \/><br \/>GDZIE UDA\u0106 SI\u0118 PO POMOC?<\/p><p><br \/>Je\u017celi znalaz\u0142e\u015b si\u0119 w trudnej sytuacji \u017cyciowej, z kt\u00f3r\u0105 nie mo\u017cesz sobie poradzi\u0107 przy wykorzystaniu w\u0142asnych si\u0142 i \u015brodk\u00f3w, mo\u017cesz zg\u0142osi\u0107 si\u0119 do O\u015brodka Pomocy Spo\u0142ecznej osobi\u015bcie, telefonicznie lub pisemnie. Zg\u0142oszenia mo\u017ce r\u00f3wnie\u017c dokona\u0107 Tw\u00f3j przedstawiciel ustawowy lub inna osoba za Twoj\u0105 zgod\u0105 lub jej przedstawiciel ustawowy.<br \/>* Pomoc spo\u0142eczna mo\u017ce by\u0107 te\u017c udzielana z urz\u0119du.<\/p><p style=\"text-align: center;\"><br \/>PRAWO DO \u015aWIADCZE\u0143 POMOCY SPO\u0141ECZNEJ<\/p><p><br \/>Pomocy spo\u0142ecznej na zasadach okre\u015blonych w Ustawie z dnia 12 marca 2004 r. o pomocy spo\u0142ecznej udziela si\u0119 osobom i rodzinom, w szczeg\u00f3lno\u015bci z powodu:<\/p><p><br \/>1)\u00a0 \u00a0 ub\u00f3stwa,<br \/>2)\u00a0 \u00a0 sieroctwa,<br \/>3)\u00a0 \u00a0 bezdomno\u015bci,<br \/>4)\u00a0 \u00a0 bezrobocia,<br \/>5)\u00a0 \u00a0 niepe\u0142nosprawno\u015bci,<br \/>6)\u00a0 \u00a0 d\u0142ugotrwa\u0142ej lub ci\u0119\u017ckiej choroby,<br \/>7)\u00a0 \u00a0 przemocy w rodzinie,<br \/>8)\u00a0 \u00a0 potrzeby ochrony wielodzietno\u015bci lub macierzy\u0144stwa,<br \/>9)\u00a0 \u00a0 bezradno\u015bci w sprawach opieku\u0144czo-wychowawczych i prowadzenia gospodarstwa domowego, zw\u0142aszcza w rodzinach niepe\u0142nych i wielodzietnych,<br \/>10)\u00a0\u00a0 braku umiej\u0119tno\u015bci w przystosowaniu do \u017cycia m\u0142odzie\u017cy opuszczaj\u0105cej plac\u00f3wki opieku\u0144czo \u2013 wychowawcze,<br \/>11)\u00a0\u00a0 trudno\u015bci w integracji os\u00f3b, kt\u00f3re otrzyma\u0142y status uchod\u017acy,<\/p><p>12)\u00a0\u00a0 trudno\u015bci w przystosowaniu do \u017cycia po zwolnieniu z zak\u0142adu karnego,<\/p><p>13)\u00a0\u00a0 alkoholizmu lub narkomanii,<\/p><p>14)\u00a0\u00a0 zdarzenia losowego i sytuacji kryzysowej,<\/p><p>15)\u00a0\u00a0 kl\u0119ski \u017cywio\u0142owej lub ekologicznej.<\/p><p>Prawo do \u015bwiadcze\u0144 pieni\u0119\u017cnych z pomocy spo\u0142ecznej maj\u0105 osoby i rodziny, kt\u00f3re spe\u0142niaj\u0105 okre\u015blone kryterium dochodowe przy jednoczesnym wyst\u0105pieniu co najmniej jednej z wy\u017cej wymienionych okoliczno\u015bci.<\/p><p>Zgodnie z Rozporz\u0105dzeniem Rady Ministr\u00f3w z dnia 15 lipca 2024 r. w sprawie zweryfikowanych kryteri\u00f3w dochodowych oraz kwot \u015bwiadcze\u0144 pieni\u0119\u017cnych z pomocy spo\u0142ecznej:<\/p><p><br \/><strong>1) na osob\u0119 samotnie gospodaruj\u0105c\u0105 \u2013 1010,00 z\u0142,<br \/>2) na osob\u0119 w rodzinie \u2013 823,00 z\u0142,<\/strong><\/p><p><strong>Warto\u015b\u0107 dochodu z 1 hektara przeliczeniowego wynosi: 459,00z\u0142<\/strong><\/p><p><br \/>Za doch\u00f3d uwa\u017ca si\u0119 sum\u0119 miesi\u0119cznych przychod\u00f3w z miesi\u0105ca poprzedzaj\u0105cego z\u0142o\u017cenie wniosku lub w przypadku utraty dochodu, w kt\u00f3rym wniosek zosta\u0142 z\u0142o\u017cony, bez wzgl\u0119du na tytu\u0142 i \u017ar\u00f3d\u0142o ich uzyskania, je\u015bli ustawa nie stanowi inaczej pomniejszon\u0105 o :<\/p><p>\u2013 miesi\u0119czne obci\u0105\u017cenia podatkiem dochodowym od os\u00f3b fizycznych,<\/p><p>\u2013 sk\u0142adki na ubezpieczenie zdrowotne oraz ubezpieczenie spo\u0142eczne,<\/p><p>\u2013 kwot\u0119 aliment\u00f3w \u015bwiadczon\u0105 na rzecz innych os\u00f3b.<\/p><p>* Przy ustalaniu kryterium dochodowego uprawniaj\u0105cego do \u015bwiadcze\u0144 pieni\u0119\u017cnych pomocy spo\u0142ecznej brane s\u0105 pod uwag\u0119 dochody osoby zainteresowanej i jej rodziny:<br \/>\u2013 z miesi\u0105ca poprzedzaj\u0105cego z\u0142o\u017cenie wniosku do o\u015brodka pomocy spo\u0142ecznej,<\/p><p>\u2013 w przypadku utraty dochodu (np. zasi\u0142ku dla bezrobotnych) z miesi\u0105ca, w kt\u00f3rym wniosek zosta\u0142 z\u0142o\u017cony.<\/p><p>\u00a0<\/p><p>\u00a0Do dochodu ustalonego zgodnie art. 8 z ust. 3 Ustawy o pomocy spo\u0142ecznej z dnia 12 marca 2004r. nie wlicza si\u0119:<\/p><p>1) jednorazowego pieni\u0119\u017cnego \u015bwiadczenia socjalnego;<\/p><p>2) zasi\u0142ku celowego;<\/p><p>3) pomocy materialnej maj\u0105cej charakter socjalny albo motywacyjny, przyznawanej na podstawie przepis\u00f3w o systemie o\u015bwiaty;<\/p><p>4) warto\u015bci \u015bwiadczenia w naturze;<\/p><p>5) \u015bwiadczenia przys\u0142uguj\u0105cego bezrobotnemu na podstawie przepis\u00f3w ustawy z dnia 20 marca 2025 r. o rynku pracy i s\u0142u\u017cbach zatrudnienia z tytu\u0142u wykonywania prac spo\u0142ecznie u\u017cytecznych;<\/p><p>5a) \u015bwiadczenia pieni\u0119\u017cnego, o kt\u00f3rym mowa w ustawie z dnia 20 marca 2015 r. o dzia\u0142aczach opozycji antykomunistycznej oraz osobach represjonowanych z powod\u00f3w politycznych, i pomocy pieni\u0119\u017cnej, o kt\u00f3rej mowa w art. 19 ust. 2 ustawy z dnia 24 stycznia 1991 r. o kombatantach oraz niekt\u00f3rych osobach b\u0119d\u0105cych ofiarami represji i okresu powojennego, w art. 7a ust. 2 ustawy z dnia 2 wrze\u015bnia 1994 r. o \u015bwiadczeniu pieni\u0119\u017cnym i uprawnieniach przys\u0142uguj\u0105cych \u017co\u0142nierzom zast\u0119pczej s\u0142u\u017cby wojskowej przymusowo zatrudnianym w kopalniach w\u0119gla, kamienio\u0142omach, zak\u0142adach md uranu i batalionach budowlanych, w art. 5a ust. 2 ustawy z dnia 31 maja 1996 r. o osobach deportowanych do pracy przymusowej oraz osadzonych w obozach pracy przez III Rzesz\u0119 i Zwi\u0105zek Socjalistycznych Republik Radzieckich, w art. 10a ust. 2 ustawy z dnia 16 listopada 2006 r. o \u015bwiadczeniu pieni\u0119\u017cnym i uprawnieniach przys\u0142uguj\u0105cych cywilnym niewidomym ofiarom dzia\u0142a\u0144 wojennych oraz w art. 10 ust. 2 ustawy z dnia 20 marca 2015 r. o dzia\u0142aczach opozycji antykomunistycznej oraz osobach represjonowanych z powod\u00f3w politycznych;<\/p><p>6) dochodu z powierzchni u\u017cytk\u00f3w rolnych poni\u017cej 1 ha przeliczeniowego;<\/p><p>7) \u015bwiadczenia wychowawczego, o kt\u00f3rym mowa w ustawie z dnia 11 lutego 2016 r. o pomocy pa\u0144stwa w wychowywaniu dzieci;<\/p><p>8) \u015bwiadczenia pieni\u0119\u017cnego, o kt\u00f3rym mowa w art. 8a ust. 1 ustawy z dnia 7 wrze\u015bnia 2007 r. o Karcie Polaka;<\/p><p>9) \u015bwiadczenia pieni\u0119\u017cnego przyznawanego na podstawie art. 9 ustawy z dnia 22 listopada 2018 r. o grobach weteran\u00f3w walk o wolno\u015b\u0107 i niepodleg\u0142o\u015b\u0107 Polski;<\/p><p>10) nagrody specjalnej Prezesa Rady Ministr\u00f3w przyznawanej na podstawie art. 31a ustawy z dnia 8 sierpnia 1996 r. o Radzie Ministr\u00f3w;<\/p><p>11) pomocy finansowej przyznawanej repatriantom, o kt\u00f3rej mowa w ustawie z dnia 9 listopada 2000 r. o repatriacji;<\/p><p>12) \u015brodk\u00f3w finansowych przyznawanych w ramach dzia\u0142a\u0144 podejmowanych przez organy publiczne, maj\u0105cych na celu popraw\u0119 jako\u015bci powietrza lub ochron\u0119 \u015brodowiska naturalnego;<\/p><p>13) zwrotu koszt\u00f3w, o kt\u00f3rych mowa w art. 39a ust. 1 ustawy z dnia 14 grudnia 2016 r. &#8211; Prawo o\u015bwiatowe;<\/p><p>14) kwot\u0119 dodatku energetycznego, o kt\u00f3rym mowa w art. 5c ustawy z dnia 10 kwietnia 1997 r. &#8211; Prawo energetyczne;<\/p><p>15) kwot\u0119 dodatku os\u0142onowego, o kt\u00f3rym mowa w art. 2 ust. 1 ustawy z dnia 17 grudnia 2021 r. o dodatku os\u0142onowym;<\/p><p>16) kwoty dodatku w\u0119glowego, o kt\u00f3rym mowa w art. 2 ust. 1 ustawy z dnia 5 sierpnia 2022 r. o dodatku w\u0119glowym;<\/p><p>17) kwot\u0119 dodatku dla gospodarstw domowych z tytu\u0142u wykorzystywania niekt\u00f3rych \u017ar\u00f3de\u0142 ciep\u0142a, o kt\u00f3rym mowa w art. 1 pkt 2 ustawy z dnia 15 wrze\u015bnia 2022 r. o szczeg\u00f3lnych rozwi\u0105zaniach w zakresie niekt\u00f3rych \u017ar\u00f3de\u0142 ciep\u0142a w zwi\u0105zku z sytuacj\u0105 na rynku paliw;<\/p><p>18) kwoty dodatku elektrycznego, o kt\u00f3rym mowa w art. 27 ust. 1 ustawy z dnia 7 pa\u017adziernika 2022 r. o szczeg\u00f3lnych rozwi\u0105zaniach s\u0142u\u017c\u0105cych ochronie odbiorc\u00f3w energii elektrycznej w 2023 roku oraz w 2024 roku w zwi\u0105zku z sytuacj\u0105 na rynku energii elektrycznej;<\/p><p>19) kwoty bonu energetycznego, o kt\u00f3rym mowa w art. 2 ustawy z dnia 23 maja 2024 r. o bonie energetycznym oraz o zmianie niekt\u00f3rych ustaw w celu ograniczenia cen energii elektrycznej, gazu ziemnego i ciep\u0142a systemowego;<\/p><p>20) \u015bwiadcze\u0144 &#8222;aktywny rodzic&#8221;, o kt\u00f3rych mowa w ustawie z dnia 15 maja 2024 r. o wspieraniu rodzic\u00f3w w aktywno\u015bci zawodowej oraz w wychowaniu dziecka &#8211; &#8222;Aktywny rodzic&#8221;;<\/p><p>21) kwoty bonu ciep\u0142owniczego, o kt\u00f3rym mowa w ustawie z dnia 12 wrze\u015bnia 2025 r. o bonie ciep\u0142owniczym oraz o zmianie niekt\u00f3rych ustaw w celu ograniczenia wysoko\u015bci cen energii elektrycznej.<br \/><br \/><\/p><p>W odniesieniu do os\u00f3b prowadz\u0105cych dzia\u0142alno\u015b\u0107 gospodarcz\u0105 \u2013 za doch\u00f3d przyjmuje si\u0119 wysoko\u015b\u0107 podan\u0105 w o\u015bwiadczeniu. Przyjmuje si\u0119, i\u017c deklarowana w o\u015bwiadczeniu wysoko\u015b\u0107 dochodu nie mo\u017ce by\u0107 ni\u017csza ni\u017c zadeklarowana przez te osoby kwota dochodu stanowi\u0105cego podstaw\u0119 wymiaru sk\u0142adek na ubezpieczenie spo\u0142eczne, a je\u017celi osoby te nie podlegaj\u0105 ubezpieczeniu spo\u0142ecznemu \u2013 nie ni\u017csz\u0105 od kwoty najni\u017cszej podstawy wymiaru sk\u0142adek obowi\u0105zuj\u0105cych osoby ubezpieczone na podstawie odr\u0119bnych przepis\u00f3w.<\/p><p>W razie wyst\u0105pienia dysproporcji mi\u0119dzy wysoko\u015bci\u0105 dochodu udokumentowanego przez Ciebie i Twoj\u0105 rodzin\u0119, a rzeczywist\u0105 sytuacj\u0105 maj\u0105tkow\u0105 stwierdzon\u0105 przez pracownika socjalnego, osoba upowa\u017cniona do wydawania decyzji administracyjnych mo\u017ce odm\u00f3wi\u0107 przyznania \u015bwiadczenia z pomocy spo\u0142ecznej.<\/p><p>\u00a0<\/p><p style=\"text-align: center;\"><strong>FORMY \u015aWIADCZE\u0143<\/strong><\/p><p style=\"text-align: center;\"><strong>\u015awiadczenia pieni\u0119\u017cne<\/strong><\/p><p style=\"text-align: center;\"><strong>Zasi\u0142ek celowy, zasi\u0142ek celowy specjalny<\/strong><\/p><p>W celu zaspokojenia niezb\u0119dnej potrzeby bytowej mo\u017ce by\u0107 przyznany zasi\u0142ek celowy. Zasi\u0142ek celowy mo\u017ce by\u0107 przyznany w szczeg\u00f3lno\u015bci na pokrycie cz\u0119\u015bci lub ca\u0142o\u015bci koszt\u00f3w zakupu \u017cywno\u015bci, lek\u00f3w, \u015brodk\u00f3w spo\u017cywczych specjalnego przeznaczenia \u017cywieniowego, wyrob\u00f3w medycznych i leczenia, ogrzewania, w tym opa\u0142u, odzie\u017cy, niezb\u0119dnych przedmiot\u00f3w u\u017cytku domowego, drobnych remont\u00f3w i napraw w mieszkaniu, a tak\u017ce koszt\u00f3w pogrzebu.<\/p><p>Osobom bezdomnym i innym osobom niemaj\u0105cym dochodu oraz mo\u017cliwo\u015bci uzyskania \u015bwiadcze\u0144 na podstawie przepis\u00f3w o \u015bwiadczeniach opieki zdrowotnej finansowanych ze \u015brodk\u00f3w publicznych mo\u017ce by\u0107 przyznany zasi\u0142ek celowy na pokrycie cz\u0119\u015bci lub ca\u0142o\u015bci wydatk\u00f3w na \u015bwiadczenia zdrowotne.<\/p><p>W szczeg\u00f3lnie uzasadnionych przypadkach mo\u017ce by\u0107 przyznany osobie lub rodzinie przekraczaj\u0105cej kryterium dochodowe.<\/p><p style=\"text-align: center;\">\u00a0<\/p><p style=\"text-align: center;\"><strong>Zasi\u0142ek okresowy<\/strong><\/p><p>Przys\u0142uguje w szczeg\u00f3lno\u015bci ze wzgl\u0119du na d\u0142ugotrwa\u0142\u0105 chorob\u0119, niepe\u0142nosprawno\u015b\u0107, bezrobocie, osobie samotnie gospodaruj\u0105cej, kt\u00f3rej doch\u00f3d jest ni\u017cszy od kryterium dochodowego osoby samotnie gospodaruj\u0105cej lub rodzinie, kt\u00f3rej doch\u00f3d jest ni\u017cszy od kryterium dochodowego rodziny.<\/p><p>Okres na jaki O\u015brodek przyznaje zasi\u0142ek zale\u017cy od okoliczno\u015bci sprawy.<\/p><p>\u00a0<\/p><p style=\"text-align: center;\"><strong>Zasi\u0142ek sta\u0142y<\/strong><\/p><p>Przys\u0142uguje pe\u0142noletniej osobie samotnie gospodaruj\u0105cej, niezdolnej do pracy z powodu<\/p><p>wieku lub ca\u0142kowicie niezdolnej do pracy, je\u017celi jej doch\u00f3d jest ni\u017cszy od<\/p><p>kryterium dochodowego osoby samotnie gospodaruj\u0105cej lub pe\u0142noletniej osobie pozostaj\u0105cej w rodzinie, niezdolnej do pracy z powodu<\/p><p>wieku lub ca\u0142kowicie niezdolnej do pracy, je\u017celi jej doch\u00f3d, jak r\u00f3wnie\u017c<\/p><p>doch\u00f3d na osob\u0119 w rodzinie s\u0105 ni\u017csze od kryterium dochodowego na osob\u0119<\/p><p>w rodzinie.<\/p><p>Maksymalna kwota zasi\u0142ku sta\u0142ego wynosi 1229,00z\u0142.<\/p><p>\u00a0<\/p><p style=\"text-align: center;\"><strong>\u015awiadczenia niepieni\u0119\u017cne<\/strong><\/p><p style=\"text-align: center;\"><strong>Praca socjalna<\/strong><\/p><p>\u015awiadczona jest na rzecz poprawy funkcjonowania os\u00f3b i rodzin w ich \u015brodowisku spo\u0142ecznym bez wzgl\u0119du na kryterium dochodowe. Prowadzona jest w celu rozwini\u0119cia i wzmocnienia aktywno\u015bci i samodzielno\u015bci \u017cyciowej os\u00f3b. Praca socjalna mo\u017ce by\u0107 prowadzona w oparciu o kontrakt socjalny. W pracy socjalnej wykorzystuje si\u0119 metody i techniki, kt\u00f3re nie naruszaj\u0105 godno\u015bci osoby i jej prawa do samostanowienia. Zawiera si\u0119 w niej r\u00f3wnie\u017c poradnictwo specjalistyczne oraz interwencja kryzysowa, kt\u00f3ra stanowi zesp\u00f3\u0142 dzia\u0142a\u0144 podejmowanych na rzecz os\u00f3b i rodzin, w tym rodzin dotkni\u0119tych przemoc\u0105, tak aby zapobiega\u0107 powstawaniu lub pog\u0142\u0119bianiu si\u0119 dyskusji. \u015awiadczone niezale\u017cnie od dochodu.<\/p><p>\u00a0<\/p><p style=\"text-align: center;\">Us\u0142ugi opieku\u0144cze i specjalistyczne us\u0142ugi opieku\u0144cze<\/p><p>Osobie samotnej, kt\u00f3ra z powodu wieku, choroby lub innych przyczyn wymaga pomocy innych os\u00f3b, a jest jej pozbawiona, przys\u0142uguje pomoc w formie us\u0142ug opieku\u0144czych lub specjalistycznych us\u0142ug opieku\u0144czych. Us\u0142ugi opieku\u0144cze lub specjalistyczne us\u0142ugi opieku\u0144cze mog\u0105 by\u0107 przyznane r\u00f3wnie\u017c osobie, kt\u00f3ra wymaga pomocy innych os\u00f3b, a rodzina, a tak\u017ce wsp\u00f3lnie niezamieszkuj\u0105cy ma\u0142\u017conek, wst\u0119pni, zst\u0119pni nie mog\u0105 takiej pomocy zapewni\u0107. Us\u0142ugi opieku\u0144cze obejmuj\u0105 pomoc w zaspokajaniu codziennych potrzeb \u017cyciowych, opiek\u0119 higieniczn\u0105, zalecon\u0105 przez lekarza piel\u0119gnacj\u0119 oraz, w miar\u0119 mo\u017cliwo\u015bci, zapewnienie kontakt\u00f3w z otoczeniem.<\/p><p>Specjalistyczne us\u0142ugi opieku\u0144cze dla os\u00f3b z zaburzeniami psychicznymi przeznaczone s\u0105 dla dzieci i m\u0142odzie\u017cy z zaburzeniami psychicznymi, pozbawionych dost\u0119pu do zaj\u0119\u0107 rehabilitacyjnych i rewalidacyjno-wychowawczych, je\u015bli nie maj\u0105 mo\u017cliwo\u015bci uzyskania dost\u0119pu do tych zaj\u0119\u0107 \u015bwiadczonych przez inne zobowi\u0105zane podmioty.<\/p><p style=\"text-align: center;\">\u00a0<\/p><p style=\"text-align: center;\">Kierowanie do Dom\u00f3w Pomocy Spo\u0142ecznej<\/p><p>Osobie wymagaj\u0105cej ca\u0142odobowej opieki z powodu wieku, choroby lub niepe\u0142nosprawno\u015bci, niemog\u0105cej samodzielnie funkcjonowa\u0107 w codziennym \u017cyciu, kt\u00f3rej nie mo\u017cna zapewni\u0107 niezb\u0119dnej pomocy w formie us\u0142ug opieku\u0144czych, przys\u0142uguje prawo do umieszczenia w domu pomocy spo\u0142ecznej.<\/p><p style=\"text-align: center;\">\u00a0<\/p><p style=\"text-align: center;\">Poradnictwo specjalistyczne<\/p><p>Poradnictwo specjalistyczne, w szczeg\u00f3lno\u015bci prawne, psychologiczne i rodzinne, jest \u015bwiadczone osobom i rodzinom, kt\u00f3re maj\u0105 trudno\u015bci lub wykazuj\u0105 potrzeb\u0119 wsparcia w rozwi\u0105zywaniu swoich problem\u00f3w \u017cyciowych, bez wzgl\u0119du na posiadany doch\u00f3d.<\/p><p style=\"text-align: center;\">\u00a0<\/p><p style=\"text-align: center;\">\u00a0Sprawienie pogrzebu<\/p><p>Zgodnie z obowi\u0105zuj\u0105cymi przepisami ustawy o pomocy spo\u0142ecznej ka\u017cda gmina ma obowi\u0105zek zorganizowania pogrzebu osoby w sytuacji, gdy zmar\u0142y nie ma rodziny, bliskich czy os\u00f3b, kt\u00f3re mog\u0142yby podj\u0105\u0107 si\u0119 zorganizowania ceremonii pogrzebowej. Te zadania na mocy ustawy realizuj\u0105 o\u015brodki pomocy spo\u0142ecznej. Sprawienie pogrzebu odbywa si\u0119 w spos\u00f3b ustalony przez gmin\u0119, zgodnie z wyznaniem zmar\u0142ego. W przypadku pokrycia koszt\u00f3w pogrzebu przez gmin\u0119 poniesione wydatki podlegaj\u0105 zwrotowi z masy spadkowej, je\u015bli po osobie zmar\u0142ej nie przys\u0142uguje zasi\u0142ek pogrzebowy.<\/p><p style=\"text-align: center;\">\u00a0<\/p><p style=\"text-align: center;\">CO POWINIENE\u015a WIEDZIE\u0106<\/p><p>Osoby i rodziny korzystaj\u0105ce z pomocy spo\u0142ecznej zobowi\u0105zane s\u0105 do wsp\u00f3\u0142dzia\u0142ania z pracownikiem socjalnym w rozwi\u0105zywaniu ich sytuacji \u017cyciowej.<\/p><p>Brak wsp\u00f3\u0142dzia\u0142ania z pracownikiem socjalnym w rozwi\u0105zywaniu trudnej sytuacji \u017cyciowej, odmowa zawarcia kontraktu socjalnego, niedotrzymanie jego postanowie\u0144, nieuzasadniona odmowa podj\u0119cia zatrudnienia, innej pracy zarobkowej przez osob\u0119 bezrobotn\u0105, odmowa wykonywania prac spo\u0142ecznie u\u017cytecznych lub odmowa podj\u0119cia leczenia odwykowego w zak\u0142adzie lecznictwa odwykowego przez osob\u0119 uzale\u017cnion\u0105 mog\u0105 stanowi\u0107 podstaw\u0119 do odmowy przyznania \u015bwiadczenia, uchylenia decyzji o przyznaniu \u015bwiadczenia lub wstrzymanie \u015bwiadcze\u0144 pieni\u0119\u017cnych z pomocy spo\u0142ecznej.<\/p><p>W przypadku stwierdzenia marnotrawienia przyznanych \u015brodk\u00f3w mo\u017ce nast\u0105pi\u0107 ograniczenie \u015bwiadczenia, odmowa ich przyznania lub przyznanie w formie \u015bwiadcze\u0144 niepieni\u0119\u017cnych.<\/p><p style=\"text-align: center;\">O CO B\u0118DZIE PYTA\u0141 PRACOWNIK SOCJALNY?<\/p><p>Przyznanie \u015bwiadczenia musi by\u0107 poprzedzone przeprowadzeniem wywiadu rodzinnego (\u015brodowiskowego) w Twoim miejscu zamieszkania, sta\u0142ego pobytu lub czasowego pobytu. Dlatego te\u017c zg\u0142osi si\u0119 do Ciebie pracownik socjalny, kt\u00f3ry przeprowadzi z Tob\u0105 rozmow\u0119, pozwalaj\u0105c\u0105 na dokonanie oceny Twoje sytuacji \u017cyciowej, wyst\u0119puj\u0105cych problem\u00f3w i zakresu potrzeb.<\/p><p>* W \u015bwietle ustawodawstwa dotycz\u0105cego pomocy spo\u0142ecznej rodzina \u2013 to osoby spokrewnione lub niespokrewnione pozostaj\u0105ce w faktycznym zwi\u0105zku wsp\u00f3lnie zamieszkuj\u0105ce i gospodaruj\u0105ce. Dlatego te\u017c pracownik socjalny b\u0119dzie pyta\u0142 nie tylko o informacje dotycz\u0105ce Ciebie, ale te\u017c os\u00f3b wsp\u00f3lnie z Tob\u0105 zamieszkuj\u0105cych i gospodaruj\u0105cych. Opr\u00f3cz danych dotycz\u0105cych posiadanych \u017ar\u00f3de\u0142 dochod\u00f3w, sytuacji zawodowej, zdrowotnej, rodzinnej, pracownik socjalny mo\u017ce r\u00f3wnie\u017c domaga\u0107 si\u0119 od Ciebie z\u0142o\u017cenia o\u015bwiadczenia o posiadanym stanie maj\u0105tkowym. Odmowa z\u0142o\u017cenia takiego o\u015bwiadczenia mo\u017ce by\u0107 podstaw\u0105 do odmowy przyznania \u015bwiadczenia pomocy spo\u0142ecznej.<\/p><p>Pami\u0119taj. Wszystkie informacje jakie powierzysz pracownikowi socjalnemu podczas waszych rozm\u00f3w obj\u0119te s\u0105 tajemnic\u0105 s\u0142u\u017cbow\u0105 i mog\u0105 by\u0107 wykorzystane jedynie do cel\u00f3w pomocy spo\u0142ecznej. W post\u0119powaniu o przyznanie \u015bwiadcze\u0144 pracownik kieruje si\u0119 przede wszystkim dobrem os\u00f3b korzystaj\u0105cych z pomocy i ochron\u0105 ich d\u00f3br osobistych.<\/p><p>Pami\u0119taj. Zgodnie z przepisami Kodeksu rodzinnego i opieku\u0144czego obowi\u0105zek dostarczenia \u015brodk\u00f3w utrzymania, a w miar\u0119 potrzeby tak\u017ce \u015brodk\u00f3w wychowania (obowi\u0105zek alimentacyjny) obci\u0105\u017ca krewnych w linii prostej oraz rodze\u0144stwo. Dlatego te\u017c pracownik socjalny mo\u017ce przeprowadzi\u0107 lub zleci\u0107 innemu O\u015brodkowi przeprowadzenie wywiadu \u015brodowiskowego u najbli\u017cszej rodziny w celu ustalenia mo\u017cliwo\u015bci pomocy zar\u00f3wno materialnej jak i us\u0142ugowej, w cz\u0119\u015bciach odpowiadaj\u0105cych ich mo\u017cliwo\u015bciom zarobkowym.<\/p><p style=\"text-align: center;\"><br \/>DO CZEGO JESTE\u015a ZOBOWI\u0104ZANY<\/p><p><br \/>* Osoby i rodziny korzystaj\u0105ce z pomocy spo\u0142ecznej zobowi\u0105zane s\u0105 do wsp\u00f3\u0142dzia\u0142ania z pracownikiem socjalnym w rozwi\u0105zywaniu ich trudnej sytuacji \u017cyciowej. Brak wsp\u00f3\u0142dzia\u0142ania z pracownikiem socjalnym, nieuzasadniona odmowa podj\u0119cia pracy przez osob\u0119 bezrobotn\u0105, marnotrawstwo zasob\u00f3w w\u0142asnych lub przyznanych \u015bwiadcze\u0144 mog\u0105 by\u0107 podstaw\u0105 do odmowy przyznania, ograniczenia lub wstrzymania \u015bwiadcze\u0144 pomocy spo\u0142ecznej.<\/p><p style=\"text-align: center;\"><br \/>* * * * * * *<br \/><em><br \/><\/em>OD KA\u017bDEJ DECYZJI O\u015aRODKA POMOCY SPO\u0141ECZNEJ PRZYS\u0141UGUJE CI PRAWO ODWO\u0141ANIA DO SAMORZ\u0104DOWEGO KOLEGIUM ODWO\u0141AWCZEGO ZA PO\u015aREDNICTWEM O\u015aRODKA POMOCY SPO\u0141ECZNEJ.<\/p><p>\u00a0<\/p>\t\t\t\t\t\t\t\t<\/div>\n\t\t\t\t<\/div>\n\t\t\t\t\t<\/div>\n\t\t<\/div>\n\t\t\t\t\t<\/div>\n\t\t<\/section>\n\t\t\t\t<\/div>\n\t\t","protected":false},"excerpt":{"rendered":"<p>Gminny O\u015brodek Pomocy Spo\u0142ecznejKamionki 6026-140 \u0141\u0105cznatel.\/fax GOPS (041) 254-84-79tel.\/fax \u015awiadczenia Rodzinne (041) 2548667Kierownik: Monika Marcisze-mail: gopslaczna@hot.pl Misj\u0105 Gminnego O\u015brodka Pomocy Spo\u0142ecznej w \u0141\u0105cznej jest Pomoc Spo\u0142eczna wspiera osoby i rodziny w wysi\u0142kach zmierzaj\u0105cych do zaspokojenia niezb\u0119dnych potrzeb i umo\u017cliwia im \u017cycie w warunkach odpowiadaj\u0105cych godno\u015bci cz\u0142owieka GDZIE UDA\u0106 SI\u0118 PO POMOC? Je\u017celi znalaz\u0142e\u015b si\u0119 w &hellip; <\/p>\n","protected":false},"author":2,"featured_media":0,"parent":0,"menu_order":0,"comment_status":"closed","ping_status":"closed","template":"","meta":{"footnotes":""},"class_list":["post-20","page","type-page","status-publish","hentry"],"_links":{"self":[{"href":"https:\/\/opslaczna.pl\/index.php?rest_route=\/wp\/v2\/pages\/20","targetHints":{"allow":["GET"]}}],"collection":[{"href":"https:\/\/opslaczna.pl\/index.php?rest_route=\/wp\/v2\/pages"}],"about":[{"href":"https:\/\/opslaczna.pl\/index.php?rest_route=\/wp\/v2\/types\/page"}],"author":[{"embeddable":true,"href":"https:\/\/opslaczna.pl\/index.php?rest_route=\/wp\/v2\/users\/2"}],"replies":[{"embeddable":true,"href":"https:\/\/opslaczna.pl\/index.php?rest_route=%2Fwp%2Fv2%2Fcomments&post=20"}],"version-history":[{"count":8,"href":"https:\/\/opslaczna.pl\/index.php?rest_route=\/wp\/v2\/pages\/20\/revisions"}],"predecessor-version":[{"id":1664,"href":"https:\/\/opslaczna.pl\/index.php?rest_route=\/wp\/v2\/pages\/20\/revisions\/1664"}],"wp:attachment":[{"href":"https:\/\/opslaczna.pl\/index.php?rest_route=%2Fwp%2Fv2%2Fmedia&parent=20"}],"curies":[{"name":"wp","href":"https:\/\/api.w.org\/{rel}","templated":true}]}}