{"id":1783,"date":"2026-01-16T06:19:36","date_gmt":"2026-01-16T06:19:36","guid":{"rendered":"https:\/\/opslaczna.pl\/?page_id=1783"},"modified":"2026-01-16T06:28:18","modified_gmt":"2026-01-16T06:28:18","slug":"swiadczenia-opiekuncze","status":"publish","type":"page","link":"https:\/\/opslaczna.pl\/?page_id=1783","title":{"rendered":"\u015awiadczenia opieku\u0144cze"},"content":{"rendered":"\t\t<div data-elementor-type=\"wp-page\" data-elementor-id=\"1783\" class=\"elementor elementor-1783\">\n\t\t\t\t\t\t<section class=\"elementor-section elementor-top-section elementor-element elementor-element-67ad36c elementor-section-boxed elementor-section-height-default elementor-section-height-default\" data-id=\"67ad36c\" data-element_type=\"section\">\n\t\t\t\t\t\t<div class=\"elementor-container elementor-column-gap-default\">\n\t\t\t\t\t<div class=\"elementor-column elementor-col-100 elementor-top-column elementor-element elementor-element-ca7bb3a\" data-id=\"ca7bb3a\" data-element_type=\"column\">\n\t\t\t<div class=\"elementor-widget-wrap elementor-element-populated\">\n\t\t\t\t\t\t<div class=\"elementor-element elementor-element-d31d910 elementor-widget elementor-widget-text-editor\" data-id=\"d31d910\" data-element_type=\"widget\" data-widget_type=\"text-editor.default\">\n\t\t\t\t<div class=\"elementor-widget-container\">\n\t\t\t\t\t\t\t\t\t<p><strong>\u015awiadczenia opieku\u0144cze<\/strong><\/p>\n<p><strong>&nbsp;<\/strong><\/p>\n<p><strong>Zasi\u0142ek piel\u0119gnacyjny<\/strong><\/p>\n<p><strong>&nbsp;<\/strong><\/p>\n<p><strong>Informacje og\u00f3lne dla klienta<\/strong><\/p>\n<p><strong>&nbsp;<\/strong><\/p>\n<p><strong>Zasi\u0142ek piel\u0119gnacyjny &#8211; <\/strong>&nbsp;przyznaje si\u0119 w celu cz\u0119\u015bciowego pokrycia wydatk\u00f3w wynikaj\u0105cych z konieczno\u015bci zapewnienia opieki i pomocy innej osoby w zwi\u0105zku z niezdolno\u015bci\u0105 do samodzielnej egzystencji.<\/p>\n<p>&nbsp;&nbsp;&nbsp;&nbsp;&nbsp;&nbsp;&nbsp;&nbsp;&nbsp;&nbsp;&nbsp; Zasi\u0142ek piel\u0119gnacyjny przys\u0142uguje:<\/p>\n<ol>\n<li>niepe\u0142nosprawnemu dziecku;<\/li>\n<li>osobie niepe\u0142nosprawnej w wieku powy\u017cej 16. roku \u017cycia, je\u017celi legitymuje si\u0119 orzeczeniem o znacznym stopniu niepe\u0142nosprawno\u015bci;<\/li>\n<li>osobie, kt\u00f3ra uko\u0144czy\u0142a 75 lat.<\/li>\n<\/ol>\n<p>Zasi\u0142ek piel\u0119gnacyjny przys\u0142uguje tak\u017ce osobie niepe\u0142nosprawnej w wieku powy\u017cej 16. roku \u017cycia legitymuj\u0105cej si\u0119 orzeczeniem o umiarkowanym stopniu niepe\u0142nosprawno\u015bci, je\u017celi niepe\u0142nosprawno\u015b\u0107 powsta\u0142a w wieku do uko\u0144czenia 21. roku \u017cycia.<\/p>\n<p><\/p>\n<p>Zasi\u0142ek piel\u0119gnacyjny przys\u0142uguje w wysoko\u015bci 215,84 miesi\u0119cznie.<\/p>\n<p><\/p>\n<p><u>Zasi\u0142ek piel\u0119gnacyjny nie przys\u0142uguje:<\/u><\/p>\n<p>&#8211; osobie umieszczonej w instytucji zapewniaj\u0105cej ca\u0142odobowe utrzymanie.<\/p>\n<p>&#8211; osobie uprawnionej do dodatku piel\u0119gnacyjnego.<\/p>\n<p>&nbsp;Osobom, o kt\u00f3rych mowa w ust. 2 i 3, zasi\u0142ek piel\u0119gnacyjny nie przys\u0142uguje, je\u017celi cz\u0142onkom rodziny przys\u0142uguj\u0105 za granic\u0105 \u015bwiadczenia na pokrycie wydatk\u00f3w zwi\u0105zanych z piel\u0119gnacj\u0105 tych os\u00f3b, chyba \u017ce przepisy o koordynacji system\u00f3w zabezpieczenia spo\u0142ecznego lub dwustronne umowy o zabezpieczeniu spo\u0142ecznym stanowi\u0105 inaczej.<\/p>\n<p><\/p>\n<p>Osobie, kt\u00f3rej przyznano dodatek piel\u0119gnacyjny za okres, za kt\u00f3ry wyp\u0142acono zasi\u0142ek piel\u0119gnacyjny, Zak\u0142ad Ubezpiecze\u0144 Spo\u0142ecznych lub inny organ emerytalny lub rentowy, kt\u00f3ry przyzna\u0142 dodatek piel\u0119gnacyjny, wyp\u0142aca emerytur\u0119 lub rent\u0119 pomniejszon\u0105 o kwot\u0119 odpowiadaj\u0105c\u0105 wysoko\u015bci wyp\u0142aconego za ten okres zasi\u0142ku piel\u0119gnacyjnego i przekazuje t\u0119 kwot\u0119 na rachunek bankowy organu w\u0142a\u015bciwego.<\/p>\n<p><\/p>\n<h2>\u015awiadczenie piel\u0119gnacyjne<\/h2>\n<h4>Informacje og\u00f3lne dla klienta<\/h4>\n<p>Od 1 stycznia 2024 r. obowi\u0105zuj\u0105 nowe przepisy ustawy o \u015bwiadczeniach rodzinnych reguluj\u0105ce warunki przyznawania \u015bwiadczenia piel\u0119gnacyjnego, kt\u00f3re wprowadzi\u0142a ustawa z dnia 7 lipca 2023 r. o \u015bwiadczeniu wspieraj\u0105cym.<\/p>\n<h3>Komu przys\u0142uguje \u015bwiadczenie piel\u0119gnacyjne na nowych zasadach<\/h3>\n<p>\u015awiadczenie piel\u0119gnacyjne na nowych zasadach mog\u0105 otrzyma\u0107 osoby, kt\u00f3re sprawuj\u0105 opiek\u0119 nad &nbsp;osobami &nbsp;z niepe\u0142nosprawno\u015bciami w wieku do uko\u0144czenia 18. roku \u017cycia.&nbsp;<\/p>\n<p>Nie ulegaj\u0105 natomiast zmianie rodzaje orzecze\u0144 o niepe\u0142nosprawno\u015bci lub stopniu niepe\u0142nosprawno\u015bci, kt\u00f3re s\u0105 wymagane przy ubieganiu si\u0119 o \u015bwiadczenie piel\u0119gnacyjne.&nbsp;<\/p>\n<p>W zwi\u0105zku z tym, od 1 stycznia 2024 r., tak jak dotychczas, aby otrzyma\u0107 \u015bwiadczenie piel\u0119gnacyjne wymagane jest, aby osoba wymagaj\u0105ca opieki legitymowa\u0142a si\u0119 wa\u017cnym orzeczeniem o niepe\u0142nosprawno\u015bci \u0142\u0105cznie ze wskazaniami: konieczno\u015bci sta\u0142ej lub d\u0142ugotrwa\u0142ej opieki lub pomocy innej osoby w zwi\u0105zku ze znacznie ograniczon\u0105 mo\u017cliwo\u015bci\u0105 samodzielnej egzystencji oraz konieczno\u015bci sta\u0142ego wsp\u00f3\u0142udzia\u0142u na co dzie\u0144 opiekuna dziecka w procesie jego leczenia, rehabilitacji i edukacji (takie orzeczenie zawiera informacj\u0119&nbsp;w punktach 7 i 8 o tre\u015bci: \u201ewymaga\u201d) albo orzeczeniem o znacznym stopniu niepe\u0142nosprawno\u015bci.<\/p>\n<p>Zmienione przepisy rozszerzaj\u0105 r\u00f3wnie\u017c kr\u0105g os\u00f3b uprawnionych do \u015bwiadczenia piel\u0119gnacyjnego \u2013 od 1 stycznia 2024 r.&nbsp; \u015bwiadczenie piel\u0119gnacyjne przys\u0142uguje nast\u0119puj\u0105cym opiekunom:<\/p>\n<ol>\n<li>matce albo ojcu,<\/li>\n<li>innym osobom, na kt\u00f3rych zgodnie z przepisami ustawy z dnia 25 lutego 1964 r. \u2013 Kodeks rodzinny i opieku\u0144czy (Dz. U. z 2020 r. poz. 1359 oraz z 2022 r. poz. 2140) ci\u0105\u017cy obowi\u0105zek alimentacyjny, a tak\u017ce ma\u0142\u017conkom,<\/li>\n<li>opiekunowi faktycznemu dziecka,<\/li>\n<li>rodzinie zast\u0119pczej, osobie prowadz\u0105cej rodzinny dom dziecka, dyrektorowi plac\u00f3wki opieku\u0144czo-wychowawczej, dyrektorowi regionalnej plac\u00f3wki opieku\u0144czo-terapeutycznej albo dyrektorowi interwencyjnego o\u015brodka preadopcyjnego.<\/li>\n<\/ol>\n<h3>Mo\u017cliwo\u015b\u0107 &nbsp;\u0142\u0105czenia pracy zawodowej z pobieraniem \u015bwiadczenia piel\u0119gnacyjnego<\/h3>\n<p>Jedn\u0105 z najwa\u017cniejszych wprowadzanych zmian jest mo\u017cliwo\u015b\u0107 \u0142\u0105czenia aktywno\u015bci zawodowej, bez \u017cadnych ogranicze\u0144, z pobieraniem \u015bwiadczenia piel\u0119gnacyjnego. Wynika to z nowelizacji art. 17 ust. 1 ustawy o \u015bwiadczeniach rodzinnych polegaj\u0105cej na&nbsp; wykre\u015bleniu od 1 stycznia 2024 r., przy ustalaniu prawa do \u015bwiadczenia piel\u0119gnacyjnego na nowych zasadach, warunku rezygnacji b\u0105d\u017a niepodejmowania zatrudnienia lub innej pracy zarobkowej przez opiekuna sprawuj\u0105cego opiek\u0119 nad osob\u0105 niepe\u0142nosprawn\u0105, jako warunku przyznania opiekunowi prawa do \u015bwiadczenia piel\u0119gnacyjnego. Ustawodawca wykre\u015bli\u0142 z tre\u015bci ww. przepisu przes\u0142ank\u0119 rezygnacji\/niepodejmowania zatrudnienia lub innej pracy zarobkowej jako warunku otrzymywania przez opiekuna osoby niepe\u0142nosprawnej \u015bwiadczenia piel\u0119gnacyjnego, w\u0142a\u015bnie po to aby od 1 stycznia 2024 r., przy ustalaniu prawa do \u015bwiadczenia piel\u0119gnacyjnego na nowych, obowi\u0105zuj\u0105cych od 1 stycznia 2024 r. zasadach, zatrudnienie lub inna praca zarobkowa opiekuna \u2013 jej rodzaj\/wymiar\/miejsce wykonywania\/wysoko\u015b\u0107 uzyskiwanego wynagrodzenia, itp. \u2013 nie mia\u0142y \u017cadnego wp\u0142ywu na prawo do \u015bwiadczenia piel\u0119gnacyjnego.<\/p>\n<p>R\u00f3wnie\u017c posiadany przez opiekuna status rolnika, ma\u0142\u017conka rolnika, czy domownika rolnika, nie stanowi \u017cadnej przeszkody w otrzymywaniu od 1 stycznia 2024 r. \u015bwiadczenia piel\u0119gnacyjnego na nowych zasadach, bez konieczno\u015bci rezygnacji przez opiekuna b\u0119d\u0105cego rolnikiem, ma\u0142\u017conkiem rolnika lub domownikiem rolnika z prowadzenia gospodarstwa rolnego\/z pracy w gospodarstwie rolnym, co wynika z uchylenia art. 17b ustawy o \u015bwiadczeniach rodzinnych.<\/p>\n<p>\u015awiadczenie piel\u0119gnacyjne na nowych, obowi\u0105zuj\u0105cych od 1 stycznia 2024 r. zasadach, przys\u0142uguje r\u00f3wnie\u017c w sytuacji gdy opiekun dziecka w wieku do uko\u0144czenia 18 r. \u017cycia ma ustalone prawo do w\u0142asnej emerytury lub renty lub innego \u015bwiadczenia emerytalno-rentowego, co wynika z uchylenia art. 17 ust. 5 pkt 1 lit. a ustawy o \u015bwiadczeniach rodzinnych.<\/p>\n<h3>Podwy\u017cszenie wysoko\u015bci \u015bwiadczenia piel\u0119gnacyjnego<\/h3>\n<p>Nowe przepisy przewiduj\u0105 r\u00f3wnie\u017c, \u017ce w przypadku gdy opiekun otrzymuj\u0105cy \u015bwiadczenie piel\u0119gnacyjne na nowych zasadach sprawuje&nbsp;opiek\u0119 nad wi\u0119cej ni\u017c jedn\u0105 osob\u0105 (dzieckiem) w wieku do uko\u0144czenia 18. roku \u017cycia legitymuj\u0105c\u0105 si\u0119 odpowiednim ww. orzeczeniem<br>o niepe\u0142nosprawno\u015bci, to &nbsp;wysoko\u015b\u0107 \u015bwiadczenia piel\u0119gnacyjnego jest podwy\u017cszana &nbsp;o 100% na drug\u0105 i ka\u017cd\u0105 kolejn\u0105 osob\u0119, nad kt\u00f3r\u0105 sprawowana jest opieka \u2013 warunkiem jest z\u0142o\u017cenie wniosku przez opiekuna o podwy\u017cszenie \u015bwiadczenia piel\u0119gnacyjnego (uwaga: nie dotyczy to dyrektora plac\u00f3wki opieku\u0144czo-wychowawczej, dyrektora regionalnej plac\u00f3wki opieku\u0144czo-terapeutycznej oraz dyrektora interwencyjnego o\u015brodka preadopcyjnego).<\/p>\n<h3>Wnioski o \u015bwiadczenie piel\u0119gnacyjne na nowych zasadach<\/h3>\n<p>Wnioski o przyznanie \u015bwiadczenia piel\u0119gnacyjnego na nowych zasadach mo\u017cna sk\u0142ada\u0107 od dnia wej\u015bcia w \u017cycie nowych przepis\u00f3w czyli od 1 stycznia 2024 r.<\/p>\n<p>Uwaga:&nbsp;osoby sprawuj\u0105ce opiek\u0119 nad dzieckiem w wieku do uko\u0144czenia 18 r. \u017cycia, kt\u00f3re pobieraj\u0105 ju\u017c \u015bwiadczenie piel\u0119gnacyjne przyznane im zgodnie z dotychczasowymi przepisami&nbsp;i kt\u00f3re b\u0119d\u0105 chcia\u0142y po 31 grudnia 2023 r. otrzyma\u0107 \u015bwiadczenie piel\u0119gnacyjne na nowych zasadach, b\u0119d\u0105 r\u00f3wnie\u017c musia\u0142y z\u0142o\u017cy\u0107 nowy wniosek o to \u015bwiadczenie z jednoczesnym o\u015bwiadczeniem<br>o rezygnacji ze \u201estarego\u201d, dotychczas otrzymywanego \u015bwiadczenia piel\u0119gnacyjnego.<\/p>\n<h3>Wysoko\u015b\u0107 \u015bwiadczenia piel\u0119gnacyjnego<\/h3>\n<p>Wysoko\u015b\u0107 \u015bwiadczenia piel\u0119gnacyjnego od 1 stycznia 2026 r. wynosi 3386 z\u0142 miesi\u0119cznie. Wysoko\u015b\u0107 \u015bwiadczenia piel\u0119gnacyjnego jest corocznie waloryzowana.<\/p>\n<h3>\u015awiadczenie piel\u0119gnacyjne na starych zasadach<\/h3>\n<p>Ustawa o \u015bwiadczeniu wspieraj\u0105cym wprowadzi\u0142a jednocze\u015bnie przepisy maj\u0105ce na celu pe\u0142n\u0105 ochron\u0119 praw nabytych os\u00f3b,&nbsp;kt\u00f3re naby\u0142y b\u0105d\u017a nab\u0119d\u0105 na starych, obowi\u0105zuj\u0105cych przed wej\u015bciem w \u017cycie tej ustawy, tj. do 31 grudnia 2023 r. zasadach, prawo do \u015bwiadczenia piel\u0119gnacyjnego. Osoby te mog\u0105 w dalszym ci\u0105gu pobiera\u0107 wymienione \u015bwiadczenie zgodnie<br>z dotychczasowymi przepisami. Prawo do pobierania tego \u015bwiadczenia na zasadach dotychczasowych zosta\u0142o uregulowane w przepisach przej\u015bciowych (art. 63 ust 1-5) &nbsp;ustawy<br>o \u015bwiadczeniu wspieraj\u0105cym.<\/p>\n<p>Zatem w \u015bwietle przepis\u00f3w przej\u015bciowych ww. ustawy, osoby, kt\u00f3re przed dniem lub po dniu wej\u015bcia w \u017cycie ustawy o \u015bwiadczeniu wspieraj\u0105cym naby\u0142y lub nab\u0119d\u0105 prawo do \u015bwiadczenia piel\u0119gnacyjnego&nbsp; na zasadach obowi\u0105zuj\u0105cych do dnia &nbsp;31 grudnia 2023 r. &nbsp;i za okres co najmniej do dnia 31 grudnia 2023 r. &nbsp;b\u0119d\u0105 uprawnione do \u015bwiadczenia piel\u0119gnacyjnego, zachowaj\u0105&nbsp;prawo do tego \u015bwiadczenia na zasadzie ochrony praw nabytych na obowi\u0105zuj\u0105cych do 31 grudnia 2023 r. dotychczasowych zasadach przewidzianych w ustawie o \u015bwiadczeniach rodzinnych &nbsp;\u2013 jednak nie d\u0142u\u017cej ni\u017c do ko\u0144ca okresu, na kt\u00f3ry prawo zosta\u0142o przyznane (art 63 ust 2 ustawy).<\/p>\n<p>Ww. osoby, zachowaj\u0105 prawo do \u015bwiadczenia piel\u0119gnacyjnego&nbsp; na zasadach obowi\u0105zuj\u0105cych do dnia 31 grudnia 2023 r., r\u00f3wnie\u017c w przypadku, gdy osobie nad kt\u00f3r\u0105 sprawuj\u0105 opiek\u0119 zosta\u0142o wydane nowe orzeczenie o stopniu niepe\u0142nosprawno\u015bci albo orzeczenie o niepe\u0142nosprawno\u015bci.&nbsp;<\/p>\n<p>Przepis art. 63 ust. 3 ww. ustawy dotyczy bowiem mo\u017cliwo\u015bci zachowania przez opiekuna osoby niepe\u0142nosprawnej prawa do \u015bwiadczenia piel\u0119gnacyjnego na zasadach praw nabytych, r\u00f3wnie\u017c<br>w sytuacji uzyskania przez osob\u0119, nad kt\u00f3r\u0105 sprawowana jest opieka nowego orzeczenia o stopniu niepe\u0142nosprawno\u015bci albo o niepe\u0142nosprawno\u015bci, w zwi\u0105zku z utrat\u0105 wa\u017cno\u015bci dotychczasowego orzeczenia. Warunkiem zachowania prawa odpowiednio do \u015bwiadczenia piel\u0119gnacyjnego , w takim przypadku, jest z\u0142o\u017cenie wniosku o nowe orzeczenie o stopniu niepe\u0142nosprawno\u015bci albo<br>o niepe\u0142nosprawno\u015bci w terminie 3 miesi\u0119cy od dnia nast\u0119puj\u0105cego po dniu, w kt\u00f3rym up\u0142yn\u0105\u0142 termin wa\u017cno\u015bci dotychczasowego orzeczenia o stopniu niepe\u0142nosprawno\u015bci albo orzeczenia<br>o niepe\u0142nosprawno\u015bci, a nast\u0119pnie z\u0142o\u017cenie wniosku o ustalenie prawa odpowiednio do \u015bwiadczenia piel\u0119gnacyjnego albo specjalnego zasi\u0142ku opieku\u0144czego w terminie 3 miesi\u0119cy, licz\u0105c od wydania orzeczenia o stopniu niepe\u0142nosprawno\u015bci albo o niepe\u0142nosprawno\u015bci.<\/p>\n<p>Je\u017celi w okresie wa\u017cno\u015bci dotychczasowego orzeczenia potwierdzaj\u0105cego niepe\u0142nosprawno\u015b\u0107 uprawniaj\u0105cego do \u015bwiadczenia piel\u0119gnacyjnego zosta\u0142 z\u0142o\u017cony wniosek o kolejne orzeczenie, to jak najbardziej zostaje spe\u0142niony, okre\u015blony w ww. art. 63 ust. 3, warunek&nbsp;terminu&nbsp;z\u0142o\u017cenia wniosku i otrzymania kolejnego wymaganego orzeczenia o niepe\u0142nosprawno\u015bci\/stopniu niepe\u0142nosprawno\u015bci,&nbsp;niezb\u0119dny do zachowania kontynuacji pobierania \u015bwiadczenia piel\u0119gnacyjnego na zasadach praw nabytych.<\/p>\n<p>A wi\u0119c, wniosek o nowe orzeczenie osoba z niepe\u0142nosprawno\u015bci\u0105 mo\u017ce jak najbardziej z\u0142o\u017cy\u0107 jeszcze w trakcie wa\u017cno\u015bci starego orzeczenia \u2013&nbsp;jak najbardziej jest w\u00f3wczas spe\u0142niony wym\u00f3g z\u0142o\u017cenia wniosku o nowe orzeczenie nie p\u00f3\u017aniej ni\u017c 3 miesi\u0105ce od dnia up\u0142ywu terminu wa\u017cno\u015bci starego orzeczenia&nbsp;\u2013 w takich przypadkach r\u00f3wnie\u017c b\u0119dzie mo\u017cna kontynuowa\u0107 pobieranie \u015bwiadczenia piel\u0119gnacyjnego na starych zasadach pod warunkiem z\u0142o\u017cenia wniosku o jego przyznanie w terminie 3 miesi\u0119cy od dnia wydania nowego orzeczenia.<\/p>\n<h3>Prawo do \u015bwiadczenia piel\u0119gnacyjnego w przypadku \u015bmierci osoby wymagaj\u0105cej opieki<\/h3>\n<p>Nowym przepisem, kt\u00f3ry obowi\u0105zuje od 1 stycznia 2024 r. jest art. 17 ust. 4a ustawy<br>o \u015bwiadczeniach rodzinnych, zgodnie z kt\u00f3rym, w przypadku \u015bmierci osoby wymagaj\u0105cej opieki, osoba sprawuj\u0105ca opiek\u0119 zachowuje prawo do \u015bwiadczenia piel\u0119gnacyjnego do ostatniego dnia miesi\u0105ca nast\u0119puj\u0105cego po miesi\u0105cu, w kt\u00f3rym nast\u0105pi\u0142 zgon osoby wymagaj\u0105cej opieki. Analogiczna regulacja obowi\u0105zuj\u0105ca od 1 stycznia 2024 r. w sytuacjach gdy \u015bmier\u0107 osoby wymagaj\u0105cej opieki nast\u0105pi po 31 grudnia 2023 r. dotyczy\u0107 r\u00f3wnie\u017c b\u0119dzie os\u00f3b pobieraj\u0105cych \u015bwiadczenie piel\u0119gnacyjne na podstawie przepis\u00f3w dotychczasowych (przepisy przej\u015bciowe art. 63 ust. 12 -14 u.\u015b.w.).<\/p>\n<p><\/p>\n<h4>Dokumenty do pobrania:<\/h4>\n<h4>wzory druk\u00f3w o ustalenie prawa do \u015bwiadcze\u0144 rodzinnych zamieszczone s\u0105 na stronie internetowej Ministerstwa Rodziny, Pracy i Polityki Spo\u0142ecznej.<\/h4>\n<p><\/p>\t\t\t\t\t\t\t\t<\/div>\n\t\t\t\t<\/div>\n\t\t\t\t\t<\/div>\n\t\t<\/div>\n\t\t\t\t\t<\/div>\n\t\t<\/section>\n\t\t\t\t<\/div>\n\t\t","protected":false},"excerpt":{"rendered":"<p>\u015awiadczenia opieku\u0144cze &nbsp; Zasi\u0142ek piel\u0119gnacyjny &nbsp; Informacje og\u00f3lne dla klienta &nbsp; Zasi\u0142ek piel\u0119gnacyjny &#8211; &nbsp;przyznaje si\u0119 w celu cz\u0119\u015bciowego pokrycia wydatk\u00f3w wynikaj\u0105cych z konieczno\u015bci zapewnienia opieki i pomocy innej osoby w zwi\u0105zku z niezdolno\u015bci\u0105 do samodzielnej egzystencji. &nbsp;&nbsp;&nbsp;&nbsp;&nbsp;&nbsp;&nbsp;&nbsp;&nbsp;&nbsp;&nbsp; Zasi\u0142ek piel\u0119gnacyjny przys\u0142uguje: niepe\u0142nosprawnemu dziecku; osobie niepe\u0142nosprawnej w wieku powy\u017cej 16. roku \u017cycia, je\u017celi legitymuje si\u0119 orzeczeniem &hellip; <\/p>\n","protected":false},"author":2,"featured_media":0,"parent":0,"menu_order":0,"comment_status":"closed","ping_status":"closed","template":"","meta":{"footnotes":""},"class_list":["post-1783","page","type-page","status-publish","hentry"],"_links":{"self":[{"href":"https:\/\/opslaczna.pl\/index.php?rest_route=\/wp\/v2\/pages\/1783","targetHints":{"allow":["GET"]}}],"collection":[{"href":"https:\/\/opslaczna.pl\/index.php?rest_route=\/wp\/v2\/pages"}],"about":[{"href":"https:\/\/opslaczna.pl\/index.php?rest_route=\/wp\/v2\/types\/page"}],"author":[{"embeddable":true,"href":"https:\/\/opslaczna.pl\/index.php?rest_route=\/wp\/v2\/users\/2"}],"replies":[{"embeddable":true,"href":"https:\/\/opslaczna.pl\/index.php?rest_route=%2Fwp%2Fv2%2Fcomments&post=1783"}],"version-history":[{"count":7,"href":"https:\/\/opslaczna.pl\/index.php?rest_route=\/wp\/v2\/pages\/1783\/revisions"}],"predecessor-version":[{"id":1816,"href":"https:\/\/opslaczna.pl\/index.php?rest_route=\/wp\/v2\/pages\/1783\/revisions\/1816"}],"wp:attachment":[{"href":"https:\/\/opslaczna.pl\/index.php?rest_route=%2Fwp%2Fv2%2Fmedia&parent=1783"}],"curies":[{"name":"wp","href":"https:\/\/api.w.org\/{rel}","templated":true}]}}