{"id":1773,"date":"2026-01-16T06:17:33","date_gmt":"2026-01-16T06:17:33","guid":{"rendered":"https:\/\/opslaczna.pl\/?page_id=1773"},"modified":"2026-01-16T06:27:10","modified_gmt":"2026-01-16T06:27:10","slug":"zasilek-rodzinny-i-dodatki-do-zasilku-rodzinnego","status":"publish","type":"page","link":"https:\/\/opslaczna.pl\/?page_id=1773","title":{"rendered":"Zasi\u0142ek rodzinny i dodatki do zasi\u0142ku rodzinnego"},"content":{"rendered":"\t\t<div data-elementor-type=\"wp-page\" data-elementor-id=\"1773\" class=\"elementor elementor-1773\">\n\t\t\t\t\t\t<section class=\"elementor-section elementor-top-section elementor-element elementor-element-344d9ec elementor-section-boxed elementor-section-height-default elementor-section-height-default\" data-id=\"344d9ec\" data-element_type=\"section\">\n\t\t\t\t\t\t<div class=\"elementor-container elementor-column-gap-default\">\n\t\t\t\t\t<div class=\"elementor-column elementor-col-100 elementor-top-column elementor-element elementor-element-c4fda4f\" data-id=\"c4fda4f\" data-element_type=\"column\">\n\t\t\t<div class=\"elementor-widget-wrap elementor-element-populated\">\n\t\t\t\t\t\t<div class=\"elementor-element elementor-element-ebe43e0 elementor-widget elementor-widget-text-editor\" data-id=\"ebe43e0\" data-element_type=\"widget\" data-widget_type=\"text-editor.default\">\n\t\t\t\t<div class=\"elementor-widget-container\">\n\t\t\t\t\t\t\t\t\t<h3>Zasi\u0142ek rodzinny i dodatki do zasi\u0142ku rodzinnego<\/h3><h4>Informacje og\u00f3lne dla klienta<\/h4><p>Zasi\u0142ek rodzinny ma na celu cz\u0119\u015bciowe pokrycie wydatk\u00f3w na utrzymanie dziecka.<\/p><h4>Prawo do zasi\u0142ku rodzinnego i dodatk\u00f3w do tego zasi\u0142ku przys\u0142uguje:<\/h4><ol><li>rodzicom, jednemu z rodzic\u00f3w albo opiekunowi prawnemu dziecka,<\/li><li>opiekunowi faktycznemu dziecka,<\/li><li>osobie ucz\u0105cej si\u0119 (osoba pe\u0142noletnia ucz\u0105ca si\u0119, niepozostaj\u0105c\u0105 na utrzymaniu rodzic\u00f3w w zwi\u0105zku z ich \u015bmierci\u0105 lub z zas\u0105dzeniem od rodzic\u00f3w na jej rzecz aliment\u00f3w, je\u017celi wyrok s\u0105du orzekaj\u0105cy alimenty zosta\u0142 wydany przed osi\u0105gni\u0119ciem pe\u0142noletno\u015bci przez osob\u0119 ucz\u0105c\u0105 si\u0119).<\/li><\/ol><h4>Zasi\u0142ek rodzinny przys\u0142uguje do uko\u0144czenia przez dziecko:<\/h4><ol><li>18 roku \u017cycia lub,<\/li><li>nauki w szkole, jednak nie d\u0142u\u017cej ni\u017c do uko\u0144czenia 21 roku \u017cycia, albo<\/li><li>24 roku \u017cycia, je\u017celi kontynuuje nauk\u0119 w szkole lub w szkole wy\u017cszej i legitymuje si\u0119 orzeczeniem o umiarkowanym albo znacznym stopniu niepe\u0142nosprawno\u015bci.<\/li><\/ol><p>Zasi\u0142ek przys\u0142uguje osobie ucz\u0105cej si\u0119 w szkole lub w szkole wy\u017cszej, jednak nie d\u0142u\u017cej ni\u017c do uko\u0144czenia 24 roku \u017cycia.<\/p><h4>Wysoko\u015b\u0107 zasi\u0142ku rodzinnego:<\/h4><ul><li>95 z\u0142 \u2013 na dziecko w wieku do uko\u0144czenia 5 roku \u017cycia,<\/li><li>124 z\u0142 \u2013 na dziecko w wieku powy\u017cej 5 roku \u017cycia do uko\u0144czenia 18 roku \u017cycia,<\/li><li>135 z\u0142 \u2013 na dziecko w wieku powy\u017cej 18 roku \u017cycia do uko\u0144czenia 24 roku \u017cycia.<\/li><\/ul><h4>Kryteria i warunki udzielenia pomocy:<\/h4><p>Podstawowym warunkiem otrzymania pomocy jest kryterium dochodowe. Doch\u00f3d rodziny w przeliczeniu na osob\u0119 nie mo\u017ce przekracza\u0107 kwoty 674,00 z\u0142. Je\u017celi cz\u0142onkiem rodziny jest dziecko legitymuj\u0105ce si\u0119 orzeczeniem o niepe\u0142nosprawno\u015bci lub orzeczeniem o umiarkowanym b\u0105d\u017a znacznym stopniu niepe\u0142nosprawno\u015bci doch\u00f3d nie mo\u017ce przekroczy\u0107 kwoty 764,00 z\u0142.<\/p><p><strong>Zasi\u0142ek rodzinny nie przys\u0142uguje, je\u017celi:<\/strong><\/p><ol><li>dziecko lub osoba ucz\u0105ca si\u0119 pozostaj\u0105 w zwi\u0105zku ma\u0142\u017ce\u0144skim;<\/li><li>dziecko zosta\u0142o umieszczone w instytucji zapewniaj\u0105cej ca\u0142odobowe utrzymanie albo w pieczy zast\u0119pczej;<\/li><li>osoba ucz\u0105ca si\u0119 zosta\u0142a umieszczona w instytucji zapewniaj\u0105cej ca\u0142odobowe utrzymanie;<\/li><li>pe\u0142noletnie dziecko lub osoba ucz\u0105ca si\u0119 jest uprawniona do zasi\u0142ku rodzinnego na w\u0142asne dziecko;<\/li><li>osobie samotnie wychowuj\u0105cej dziecko nie zosta\u0142o ustalone, na rzecz dziecka od jego rodzica, \u015bwiadczenie alimentacyjne na podstawie tytu\u0142u wykonawczego pochodz\u0105cego lub zatwierdzonego przez s\u0105d, chyba \u017ce:<\/li><li>a) rodzice lub jedno z rodzic\u00f3w dziecka nie \u017cyje,<\/li><li>b) ojciec dziecka jest nieznany,<\/li><li>c) pow\u00f3dztwo o ustalenie \u015bwiadczenia alimentacyjnego od drugiego z rodzic\u00f3w zosta\u0142o oddalone,<\/li><li>d) s\u0105d zobowi\u0105za\u0142 jednego z rodzic\u00f3w do ponoszenia ca\u0142kowitych koszt\u00f3w utrzymania dziecka i nie zobowi\u0105za\u0142 drugiego z rodzic\u00f3w do \u015bwiadczenia alimentacyjnego na rzecz tego dziecka,<\/li><li>e) dziecko, zgodnie z orzeczeniem s\u0105du, jest pod opiek\u0105 naprzemienn\u0105 obojga rodzic\u00f3w sprawowan\u0105 w por\u00f3wnywalnych i powtarzaj\u0105cych si\u0119 okresach;<\/li><li>cz\u0142onkowi rodziny przys\u0142uguje na dziecko zasi\u0142ek rodzinny za granic\u0105, chyba \u017ce przepisy o koordynacji system\u00f3w zabezpieczenia spo\u0142ecznego lub dwustronne umowy o zabezpieczeniu spo\u0142ecznym stanowi\u0105 inaczej.<\/li><\/ol><p><strong>Do zasi\u0142ku rodzinnego przys\u0142uguj\u0105 dodatki.<\/strong>\u00a0<\/p><p>Przyznanie dodatk\u00f3w do zasi\u0142ku uzale\u017cnione jest od indywidualnej sytuacji finansowej i rodzinnej osoby ubiegaj\u0105cej si\u0119. <br \/>Obecnie mo\u017cna ubiega\u0107 si\u0119 o nast\u0119puj\u0105ce dodatki:<\/p><p>&#8211; d<a href=\"https:\/\/www.mgops.busko.pl\/wsparcie-dla-rodzin-z-dziecmi\/dodatki-do-zasilku-rodzinnego.html#urodz\">odatek z tytu\u0142u urodzenia dziecka<\/a><\/p><p>&#8211; d<a href=\"https:\/\/www.mgops.busko.pl\/wsparcie-dla-rodzin-z-dziecmi\/dodatki-do-zasilku-rodzinnego.html#urwych\">odatek z tytu\u0142u opieki nad dzieckiem w okresie korzystania z urlopu wychowawczego<\/a><\/p><p>&#8211; d<a href=\"https:\/\/www.mgops.busko.pl\/wsparcie-dla-rodzin-z-dziecmi\/dodatki-do-zasilku-rodzinnego.html#samwych\">odatek z tytu\u0142u samotnego wychowywania dziecka<\/a><\/p><p>&#8211; d<a href=\"https:\/\/www.mgops.busko.pl\/wsparcie-dla-rodzin-z-dziecmi\/dodatki-do-zasilku-rodzinnego.html#wielodziet\">odatek z tytu\u0142u wychowywania dziecka w rodzinie wielodzietnej<\/a><\/p><p>&#8211; d<a href=\"https:\/\/www.mgops.busko.pl\/wsparcie-dla-rodzin-z-dziecmi\/dodatki-do-zasilku-rodzinnego.html#ksirech\">odatek z tytu\u0142u kszta\u0142cenia i rehabilitacji dziecka<\/a>\u00a0 niepe\u0142nosprawnego<\/p><p>&#8211; d<a href=\"https:\/\/www.mgops.busko.pl\/wsparcie-dla-rodzin-z-dziecmi\/dodatki-do-zasilku-rodzinnego.html#pozamzam\">odatek z tytu\u0142u podj\u0119cia przez dziecko nauki w szkole poza miejscem zamieszkania<\/a><\/p><p>&#8211; d<a href=\"https:\/\/www.mgops.busko.pl\/wsparcie-dla-rodzin-z-dziecmi\/dodatki-do-zasilku-rodzinnego.html#rozszkol\">odatek z tytu\u0142u rozpocz\u0119cia roku szkolnego<\/a>.<\/p><h4>Dodatek do zasi\u0142ku rodzinnego z tytu\u0142u urodzenia dziecka<\/h4><p>Przys\u0142uguje:<\/p><ol><li>matce lub ojcu albo opiekunowi prawnemu dziecka uprawnionym do zasi\u0142ku rodzinnego<\/li><li>opiekunowi faktycznemu dziecka w wieku do uko\u0144czenia przez dziecko pierwszego roku \u017cycia, je\u017celi nie zosta\u0142 przyznany rodzicom lub opiekunowi prawnemu dziecka.<\/li><\/ol><p>Dodatek ten przys\u0142uguje, je\u017celi kobieta pozostawa\u0142a pod opiek\u0105 medyczn\u0105 nie p\u00f3\u017aniej ni\u017c od 10 tygodnia ci\u0105\u017cy do porodu, przy czym pozostawanie pod opiek\u0105 medyczn\u0105 potwierdza si\u0119 za\u015bwiadczeniem lekarskim lub za\u015bwiadczeniem wystawionym przez po\u0142o\u017cn\u0105 (na wzorze za\u015bwiadczenia okre\u015blonego w rozporz\u0105dzeniu Ministra Zdrowia z dnia 14 wrze\u015bnia 2010 r. w sprawie formy opieki medycznej nad kobiet\u0105 w ci\u0105\u017cy).<\/p><p>Wym\u00f3g ten nie dotyczy os\u00f3b b\u0119d\u0105cych prawnymi lub faktycznymi opiekunami dziecka, a tak\u017ce do os\u00f3b, kt\u00f3re przysposobi\u0142y dziecko.<\/p><p>Wysoko\u015b\u0107 dodatku 1000 z\u0142 na ka\u017cde dziecko \u2013 jednorazowo.<\/p><h4>Dodatek do zasi\u0142ku rodzinnego z tytu\u0142u opieki nad dzieckiem w okresie korzystania z urlopu wychowawczego<\/h4><p>Przys\u0142uguje:<\/p><ol><li>matce lub ojcu, opiekunowi faktycznemu dziecka, opiekunowi prawnemu dziecka, je\u017celi dziecko pozostaje pod jego faktyczn\u0105 opiek\u0105, uprawnionemu do urlopu wychowawczego, nie d\u0142u\u017cej ni\u017c przez okres:<ul><li>24 miesi\u0119cy kalendarzowych,<\/li><li>36 miesi\u0119cy \u2013 je\u017celi sprawuje opiek\u0119 nad wi\u0119cej ni\u017c jednym dzieckiem urodzonym podczas jednego porodu,<\/li><li>72 miesi\u0119cy \u2013 je\u017celi sprawuje opiek\u0119 nad dzieckiem legitymuj\u0105cym si\u0119 orzeczeniem o niepe\u0142nosprawno\u015bci albo orzeczeniem o znacznym stopniu niepe\u0142nosprawno\u015bci.<\/li><\/ul><\/li><\/ol><p>Wysoko\u015b\u0107 dodatku 400 z\u0142 miesi\u0119cznie, niezale\u017cnie od liczby dzieci pozostaj\u0105cych pod opiek\u0105.<\/p><p>Dodatek nie przys\u0142uguje, gdy:<\/p><ol><li>bezpo\u015brednio przed uzyskaniem prawa do urlopu wychowawczego rodzic\/opiekun pozostawa\u0142 w stosunku pracy kr\u00f3cej ni\u017c przez 6 miesi\u0119cy,<\/li><li>rodzic\/opiekun podj\u0105\u0142 lub kontynuuje zatrudnienie lub inn\u0105 prac\u0119 zarobkow\u0105, kt\u00f3ra uniemo\u017cliwia sprawowanie osobistej opieki nad dzieckiem w okresie korzystania z urlopu wychowawczego,<\/li><li>dziecko zosta\u0142o umieszczone w plac\u00f3wce zapewniaj\u0105cej ca\u0142odobow\u0105 opiek\u0119, w tym w specjalnym o\u015brodku szkolno-wychowawczym, z wyj\u0105tkiem podmiotu wykonuj\u0105cego dzia\u0142alno\u015b\u0107 lecznicz\u0105, i korzysta z ca\u0142odobowej opieki przez wi\u0119cej ni\u017c 5 dni w tygodniu oraz w innych przypadkach zaprzestania sprawowania osobistej opieki nad dzieckiem,<\/li><li>rodzic\/opiekun w okresie urlopu wychowawczego korzysta z zasi\u0142ku macierzy\u0144skiego,<\/li><li>korzysta ze \u015bwiadczenia rodzicielskiego.<\/li><\/ol><h4>Dodatek do zasi\u0142ku rodzinnego z tytu\u0142u samotnego wychowania dziecka<\/h4><p>Przys\u0142uguje:<\/p><ol><li>samotnie wychowuj\u0105cym dziecko matce lub ojcu, opiekunowi faktycznemu dziecka albo opiekunowi prawnemu dziecka, je\u017celi nie zosta\u0142o zas\u0105dzone \u015bwiadczenie alimentacyjne na rzecz dziecka od drugiego z rodzic\u00f3w dziecka, poniewa\u017c:<ol><li>drugi rodzic nie \u017cyje;<\/li><li>ojciec dziecka jest nieznany;<\/li><li>pow\u00f3dztwo o ustalenie \u015bwiadczenia alimentacyjnego od drugiego z rodzic\u00f3w zosta\u0142o oddalone;<\/li><\/ol><\/li><li>osobie ucz\u0105cej si\u0119, gdy oboje z rodzic\u00f3w osoby ucz\u0105cej si\u0119 nie \u017cyj\u0105 (lub odpowiednio jak wy\u017cej).<\/li><\/ol><p>Wysoko\u015b\u0107 dodatku:<\/p><ul><li>193 z\u0142 miesi\u0119cznie na dziecko, nie wi\u0119cej ni\u017c 386 z\u0142 miesi\u0119cznie na wszystkie dzieci,<\/li><li>273 z\u0142 miesi\u0119cznie w przypadku dziecka niepe\u0142nosprawnego (orzeczenie o niepe\u0142nosprawno\u015bci lub o znacznym stopniu niepe\u0142nosprawno\u015bci) nie wi\u0119cej ni\u017c 546 z\u0142 na wszystkie dzieci.<\/li><\/ul><h4>Dodatek do zasi\u0142ku rodzinnego z tytu\u0142u wychowania dziecka w rodzinie wielodzietnej<\/h4><p>Przys\u0142uguje:<\/p><ol><li>matce lub ojcu,<\/li><li>opiekunowi faktycznemu dziecka,<\/li><li>opiekunowi prawnemu dziecka.<\/li><\/ol><p>Dodatek przys\u0142uguje\u00a0 w wysoko\u015bci\u00a0 95,00 z\u0142 miesi\u0119cznie na trzecie i na nast\u0119pne dzieci uprawnione do zasi\u0142ku rodzinnego.<\/p><h4>Dodatek do zasi\u0142ku rodzinnego z tytu\u0142u kszta\u0142cenia i rehabilitacji dziecka niepe\u0142nosprawnego<\/h4><p>Przys\u0142uguje:<\/p><ol><li>matce lub ojcu,<\/li><li>opiekunowi faktycznemu dziecka albo opiekunowi prawnemu dziecka,<\/li><li>osobie ucz\u0105cej si\u0119 na wydatki zwi\u0105zane z rehabilitacj\u0105 lub kszta\u0142ceniem dziecka niepe\u0142nosprawnego w wieku:<ul><li>do uko\u0144czenia 16. roku \u017cycia, je\u017celi legitymuje si\u0119 orzeczeniem o niepe\u0142nosprawno\u015bci,<\/li><li>powy\u017cej 16. roku \u017cycia do uko\u0144czenia 24. roku \u017cycia, je\u017celi legitymuje si\u0119 orzeczeniem o umiarkowanym albo znacznym stopniu niepe\u0142nosprawno\u015bci,<\/li><\/ul><\/li><\/ol><p>Wysoko\u015b\u0107 dodatku:<\/p><ul><li>90 z\u0142 na dziecko w wieku do uko\u0144czenia 5. roku \u017cycia,<\/li><li>110 z\u0142 na dziecko w wieku powy\u017cej 5. roku \u017cycia do uko\u0144czenia 24. roku \u017cycia.<\/li><\/ul><h4>Dodatek do zasi\u0142ku rodzinnego z tytu\u0142u rozpocz\u0119cia roku szkolnego<\/h4><p>Przys\u0142uguje:<\/p><ol><li>matce lub ojcu,<\/li><li>opiekunowi faktycznemu dziecka albo opiekunowi prawnemu dziecka,<\/li><li>osobie ucz\u0105cej si\u0119, na cz\u0119\u015bciowe pokrycie wydatk\u00f3w zwi\u0105zanych\u00a0 z rozpocz\u0119ciem w szkole nowego roku szkolnego.<\/li><\/ol><p>Przedmiotowy dodatek przys\u0142uguje r\u00f3wnie\u017c na dziecko rozpoczynaj\u0105ce roczne przygotowanie przedszkolne (\u201czer\u00f3wka\u201d). Wysoko\u015b\u0107 dodatku \u2013 100 z\u0142 jednorazowo.<\/p><h4>Dodatek do zasi\u0142ku rodzinnego z tytu\u0142u podj\u0119cia przez dziecko nauki w szkole poza miejscem zamieszkania<\/h4><p>Przys\u0142uguje:<\/p><ol><li>matce lub ojcu,<\/li><li>opiekunowi prawnemu albo opiekunowi faktycznemu dziecka,<\/li><li>lub osobie ucz\u0105cej:<\/li><li>w zwi\u0105zku z zamieszkiwaniem w miejscowo\u015bci, w kt\u00f3rej znajduje si\u0119 siedziba szko\u0142y ponadpodstawowej lub szko\u0142y artystycznej, w kt\u00f3rej realizowany jest obowi\u0105zek szkolny i obowi\u0105zek nauki, a tak\u017ce szko\u0142y podstawowej w przypadku dziecka lub osoby ucz\u0105cej si\u0119, legitymuj\u0105cej si\u0119 orzeczeniem o niepe\u0142nosprawno\u015bci lub o stopniu niepe\u0142nosprawno\u015bci \u2013 w wysoko\u015bci 113,00 z\u0142 miesi\u0119cznie na dziecko<\/li><\/ol><p>\u00a0albo<\/p><ol start=\"2\"><li>w zwi\u0105zku z dojazdem z miejsca zamieszkania do miejscowo\u015bci, w kt\u00f3rej znajduje si\u0119 siedziba szko\u0142y, w przypadku dojazdu do szko\u0142y ponadpodstawowej, a tak\u017ce szko\u0142y artystycznej, w kt\u00f3rej realizowany jest obowi\u0105zek szkolny i obowi\u0105zek nauki w zakresie odpowiadaj\u0105cym nauce w szkole ponadpodstawowej \u2013 w wysoko\u015bci 69,00 z\u0142 miesi\u0119cznie na dziecko.<\/li><\/ol><p>\u00a0Dodatek przys\u0142uguje przez 10 miesi\u0119cy w roku w okresie pobierania nauki od wrze\u015bnia do czerwca nast\u0119pnego roku kalendarzowego.<\/p><h4>Dokumenty do pobrania:<\/h4><h4>wzory druk\u00f3w o ustalenie prawa do \u015bwiadcze\u0144 rodzinnych zamieszczone s\u0105 na stronie internetowej Ministerstwa Rodziny, Pracy i Polityki Spo\u0142ecznej.<\/h4>\t\t\t\t\t\t\t\t<\/div>\n\t\t\t\t<\/div>\n\t\t\t\t\t<\/div>\n\t\t<\/div>\n\t\t\t\t\t<\/div>\n\t\t<\/section>\n\t\t\t\t<\/div>\n\t\t","protected":false},"excerpt":{"rendered":"<p>Zasi\u0142ek rodzinny i dodatki do zasi\u0142ku rodzinnego Informacje og\u00f3lne dla klienta Zasi\u0142ek rodzinny ma na celu cz\u0119\u015bciowe pokrycie wydatk\u00f3w na utrzymanie dziecka. Prawo do zasi\u0142ku rodzinnego i dodatk\u00f3w do tego zasi\u0142ku przys\u0142uguje: rodzicom, jednemu z rodzic\u00f3w albo opiekunowi prawnemu dziecka, opiekunowi faktycznemu dziecka, osobie ucz\u0105cej si\u0119 (osoba pe\u0142noletnia ucz\u0105ca si\u0119, niepozostaj\u0105c\u0105 na utrzymaniu rodzic\u00f3w w &hellip; <\/p>\n","protected":false},"author":2,"featured_media":0,"parent":0,"menu_order":0,"comment_status":"closed","ping_status":"closed","template":"","meta":{"footnotes":""},"class_list":["post-1773","page","type-page","status-publish","hentry"],"_links":{"self":[{"href":"https:\/\/opslaczna.pl\/index.php?rest_route=\/wp\/v2\/pages\/1773","targetHints":{"allow":["GET"]}}],"collection":[{"href":"https:\/\/opslaczna.pl\/index.php?rest_route=\/wp\/v2\/pages"}],"about":[{"href":"https:\/\/opslaczna.pl\/index.php?rest_route=\/wp\/v2\/types\/page"}],"author":[{"embeddable":true,"href":"https:\/\/opslaczna.pl\/index.php?rest_route=\/wp\/v2\/users\/2"}],"replies":[{"embeddable":true,"href":"https:\/\/opslaczna.pl\/index.php?rest_route=%2Fwp%2Fv2%2Fcomments&post=1773"}],"version-history":[{"count":7,"href":"https:\/\/opslaczna.pl\/index.php?rest_route=\/wp\/v2\/pages\/1773\/revisions"}],"predecessor-version":[{"id":1813,"href":"https:\/\/opslaczna.pl\/index.php?rest_route=\/wp\/v2\/pages\/1773\/revisions\/1813"}],"wp:attachment":[{"href":"https:\/\/opslaczna.pl\/index.php?rest_route=%2Fwp%2Fv2%2Fmedia&parent=1773"}],"curies":[{"name":"wp","href":"https:\/\/api.w.org\/{rel}","templated":true}]}}