{"id":1673,"date":"2025-10-16T07:05:41","date_gmt":"2025-10-16T07:05:41","guid":{"rendered":"https:\/\/opslaczna.pl\/?page_id=1673"},"modified":"2025-10-16T07:09:08","modified_gmt":"2025-10-16T07:09:08","slug":"kontakt","status":"publish","type":"page","link":"https:\/\/opslaczna.pl\/?page_id=1673","title":{"rendered":"Kontakt"},"content":{"rendered":"\t\t<div data-elementor-type=\"wp-page\" data-elementor-id=\"1673\" class=\"elementor elementor-1673\">\n\t\t\t\t\t\t<section class=\"elementor-section elementor-top-section elementor-element elementor-element-85eeba4 elementor-section-boxed elementor-section-height-default elementor-section-height-default\" data-id=\"85eeba4\" data-element_type=\"section\">\n\t\t\t\t\t\t<div class=\"elementor-container elementor-column-gap-default\">\n\t\t\t\t\t<div class=\"elementor-column elementor-col-100 elementor-top-column elementor-element elementor-element-962fcde\" data-id=\"962fcde\" data-element_type=\"column\">\n\t\t\t<div class=\"elementor-widget-wrap elementor-element-populated\">\n\t\t\t\t\t\t<div class=\"elementor-element elementor-element-686f224 elementor-widget elementor-widget-text-editor\" data-id=\"686f224\" data-element_type=\"widget\" data-widget_type=\"text-editor.default\">\n\t\t\t\t<div class=\"elementor-widget-container\">\n\t\t\t\t\t\t\t\t\t<p style=\"text-align: center;\"><strong>KONTAKT<\/strong><\/p><p style=\"text-align: center;\"><strong>\u00a0<\/strong><\/p><p style=\"text-align: center;\"><strong>Gminny O\u015brodek Pomocy Spo\u0142ecznej w \u0141\u0105cznej<\/strong><\/p><p style=\"text-align: center;\">26-140 \u0141\u0105czna, Kamionki 60<\/p><p style=\"text-align: center;\">tel: 41 2548479<\/p><p style=\"text-align: center;\">e-mail: <a href=\"mailto:gopslaczna@hot.pl\">gopslaczna@hot.pl<\/a><\/p><p style=\"text-align: center;\">adres do e-dor\u0119cze\u0144: AE:PL-25544-65572-VDHCH-22<\/p><p style=\"text-align: center;\">NIP: 663-14-32-723<\/p><p style=\"text-align: center;\">Regon: 290580739<\/p><p style=\"text-align: center;\"><strong>Godziny pracy O\u015brodka:<\/strong><\/p><p style=\"text-align: center;\"><strong>\u00a0<\/strong><\/p><p style=\"text-align: center;\">Poniedzia\u0142ek: 7:30 \u2013 16:00<\/p><p style=\"text-align: center;\">Wtorek, \u015broda, czwartek: 7:30 \u2013 15:30<\/p><p style=\"text-align: center;\">Pi\u0105tek: 7:30 \u2013 15:00<\/p><p style=\"text-align: center;\"><strong>Telefony<\/strong><\/p><table class=\" aligncenter\" width=\"643\"><tbody><tr><td width=\"423\"><p>Kierownik<\/p><\/td><td width=\"220\"><p>41 2548669<\/p><\/td><\/tr><tr><td width=\"423\"><p>Ksi\u0119gowo\u015b\u0107<\/p><\/td><td width=\"220\"><p>41 2548668<\/p><\/td><\/tr><tr><td width=\"423\"><p>\u015awiadczenia rodzinne<\/p><\/td><td width=\"220\"><p>41 2548667<\/p><\/td><\/tr><tr><td width=\"423\"><p>Pracownicy socjalni<\/p><\/td><td width=\"220\"><p>41 2548666<\/p><\/td><\/tr><tr><td width=\"423\"><p>Asystent rodziny<\/p><\/td><td width=\"220\"><p>41 2548666<\/p><\/td><\/tr><\/tbody><\/table>\t\t\t\t\t\t\t\t<\/div>\n\t\t\t\t<\/div>\n\t\t\t\t\t<\/div>\n\t\t<\/div>\n\t\t\t\t\t<\/div>\n\t\t<\/section>\n\t\t\t\t<section class=\"elementor-section elementor-top-section elementor-element elementor-element-23b96a6 elementor-section-boxed elementor-section-height-default elementor-section-height-default\" data-id=\"23b96a6\" data-element_type=\"section\">\n\t\t\t\t\t\t<div class=\"elementor-container elementor-column-gap-default\">\n\t\t\t\t\t<div class=\"elementor-column elementor-col-100 elementor-top-column elementor-element elementor-element-dccaf1c\" data-id=\"dccaf1c\" data-element_type=\"column\">\n\t\t\t<div class=\"elementor-widget-wrap elementor-element-populated\">\n\t\t\t\t\t\t<div class=\"elementor-element elementor-element-f246fa7 elementor-widget elementor-widget-google_maps\" data-id=\"f246fa7\" data-element_type=\"widget\" data-widget_type=\"google_maps.default\">\n\t\t\t\t<div class=\"elementor-widget-container\">\n\t\t\t\t\t\t\t<div class=\"elementor-custom-embed\">\n\t\t\t<iframe loading=\"lazy\"\n\t\t\t\t\tsrc=\"https:\/\/maps.google.com\/maps?q=Gminny%20O%C5%9Brodek%20Pomocy%20Spo%C5%82ecznej%20Kamionki%2060%2C%20%C5%81%C4%85czna&#038;t=m&#038;z=13&#038;output=embed&#038;iwloc=near\"\n\t\t\t\t\ttitle=\"Gminny O\u015brodek Pomocy Spo\u0142ecznej Kamionki 60, \u0141\u0105czna\"\n\t\t\t\t\taria-label=\"Gminny O\u015brodek Pomocy Spo\u0142ecznej Kamionki 60, \u0141\u0105czna\"\n\t\t\t><\/iframe>\n\t\t<\/div>\n\t\t\t\t\t\t<\/div>\n\t\t\t\t<\/div>\n\t\t\t\t\t<\/div>\n\t\t<\/div>\n\t\t\t\t\t<\/div>\n\t\t<\/section>\n\t\t\t\t<\/div>\n\t\t","protected":false},"excerpt":{"rendered":"<p>KONTAKT \u00a0 Gminny O\u015brodek Pomocy Spo\u0142ecznej w \u0141\u0105cznej 26-140 \u0141\u0105czna, Kamionki 60 tel: 41 2548479 e-mail: gopslaczna@hot.pl adres do e-dor\u0119cze\u0144: AE:PL-25544-65572-VDHCH-22 NIP: 663-14-32-723 Regon: 290580739 Godziny pracy O\u015brodka: \u00a0 Poniedzia\u0142ek: 7:30 \u2013 16:00 Wtorek, \u015broda, czwartek: 7:30 \u2013 15:30 Pi\u0105tek: 7:30 \u2013 15:00 Telefony Kierownik 41 2548669 Ksi\u0119gowo\u015b\u0107 41 2548668 \u015awiadczenia rodzinne 41 2548667 Pracownicy &hellip; <\/p>\n","protected":false},"author":2,"featured_media":0,"parent":0,"menu_order":0,"comment_status":"closed","ping_status":"closed","template":"","meta":{"footnotes":""},"class_list":["post-1673","page","type-page","status-publish","hentry"],"_links":{"self":[{"href":"https:\/\/opslaczna.pl\/index.php?rest_route=\/wp\/v2\/pages\/1673","targetHints":{"allow":["GET"]}}],"collection":[{"href":"https:\/\/opslaczna.pl\/index.php?rest_route=\/wp\/v2\/pages"}],"about":[{"href":"https:\/\/opslaczna.pl\/index.php?rest_route=\/wp\/v2\/types\/page"}],"author":[{"embeddable":true,"href":"https:\/\/opslaczna.pl\/index.php?rest_route=\/wp\/v2\/users\/2"}],"replies":[{"embeddable":true,"href":"https:\/\/opslaczna.pl\/index.php?rest_route=%2Fwp%2Fv2%2Fcomments&post=1673"}],"version-history":[{"count":7,"href":"https:\/\/opslaczna.pl\/index.php?rest_route=\/wp\/v2\/pages\/1673\/revisions"}],"predecessor-version":[{"id":1681,"href":"https:\/\/opslaczna.pl\/index.php?rest_route=\/wp\/v2\/pages\/1673\/revisions\/1681"}],"wp:attachment":[{"href":"https:\/\/opslaczna.pl\/index.php?rest_route=%2Fwp%2Fv2%2Fmedia&parent=1673"}],"curies":[{"name":"wp","href":"https:\/\/api.w.org\/{rel}","templated":true}]}}