{"id":1227,"date":"2024-05-09T08:29:16","date_gmt":"2024-05-09T08:29:16","guid":{"rendered":"http:\/\/laczna2.opslaczna.pl\/?page_id=1227"},"modified":"2024-08-05T10:42:51","modified_gmt":"2024-08-05T10:42:51","slug":"przeciwdzialanie-przemocy-domowej","status":"publish","type":"page","link":"https:\/\/opslaczna.pl\/?page_id=1227","title":{"rendered":"Przeciwdzia\u0142anie Przemocy Domowej"},"content":{"rendered":"\t\t<div data-elementor-type=\"wp-page\" data-elementor-id=\"1227\" class=\"elementor elementor-1227\">\n\t\t\t\t\t\t<section class=\"elementor-section elementor-top-section elementor-element elementor-element-42da6b5 elementor-section-boxed elementor-section-height-default elementor-section-height-default\" data-id=\"42da6b5\" data-element_type=\"section\">\n\t\t\t\t\t\t<div class=\"elementor-container elementor-column-gap-default\">\n\t\t\t\t\t<div class=\"elementor-column elementor-col-100 elementor-top-column elementor-element elementor-element-cd87f72\" data-id=\"cd87f72\" data-element_type=\"column\">\n\t\t\t<div class=\"elementor-widget-wrap elementor-element-populated\">\n\t\t\t\t\t\t<div class=\"elementor-element elementor-element-3f72b77 elementor-widget elementor-widget-text-editor\" data-id=\"3f72b77\" data-element_type=\"widget\" data-widget_type=\"text-editor.default\">\n\t\t\t\t<div class=\"elementor-widget-container\">\n\t\t\t\t\t\t\t\t\t<h2 style=\"text-align: center;\">\u00a0 <strong>Standardy Ochrony Ma\u0142oletnich<\/strong><\/h2><p>\u00a0<\/p><p>Standardy Ochrony Ma\u0142oletnich w Gminnym O\u015brodku Pomocy Spo\u0142ecznej w \u0141\u0105cznej, to dokument skonstruowany jako zbi\u00f3r zasad i procedur post\u0119powania, kt\u00f3re musz\u0105 by\u0107 prze\u00adstrze\u00adgane i stosowane w celu zapewnienia bezpiecze\u0144stwa\u00a0 ma\u0142oletnim,\u00a0 na rzecz kt\u00f3rych \u015bwiadczone s\u0105 us\u0142ugi realizowane przez GOPS, w szczeg\u00f3lno\u015bci przez osoby \u015bwiadcz\u0105ce specjalistyczne us\u0142ugi opieku\u0144cze dla os\u00f3b z zaburzeniami psychicznymi, asystenci rodziny, pracownicy socjalni oraz obs\u0142ugiwany przez GOPS Gminny Zesp\u00f3\u0142 Interdyscyplinarny.<\/p><p>Opracowane w powy\u017cszym\u00a0 zakresie procedury okre\u015blaj\u0105, r\u00f3wnie\u017c schematy dzia\u0142a\u0144 i podejmowania interwencji w sytuacjach\u00a0 podejrzenia krzywdzenia lub krzywdzenia ma\u0142oletnich.<\/p><p>\u00a0<\/p><p>Do pobrania:<\/p><p><a href=\"http:\/\/laczna2.opslaczna.pl\/wp-content\/uploads\/2024\/08\/Standardy-Ochrony-Maloletnich-wersja-skrocona.pdf\">Standardy Ochrony Ma\u0142oletnich w Gminnym O\u015brodku Pomocy Spo\u0142ecznej w \u0141\u0105cznej &#8211; wersja skr\u00f3cona<\/a><\/p><p><a href=\"http:\/\/laczna2.opslaczna.pl\/wp-content\/uploads\/2024\/08\/Standardy-Ochrony-Maloletnich-w-GOPS-w-Lacznej.pdf\">Zarz\u0105dzenie w sprawie: wprowadzenia Standard\u00f3w Ochrony Ma\u0142oletnich w Gminnym O\u015brodku Pomocy Spo\u0142ecznej w \u0141\u0105cznej<\/a><\/p><p>\u00a0<\/p><p>\u00a0<\/p><p>\u00a0<\/p><p style=\"text-align: left;\"><span style=\"color: #ff0000;\">\u00a0<strong>Gdzie szuka\u0107 pomocy?<\/strong><\/span><\/p><p><strong>\u00a0<\/strong><\/p><p><strong>Komisariat Policji w Suchedniowie<\/strong><\/p><ol><li><strong> Berez\u00f3w 1<\/strong><\/li><\/ol><p><strong>26-130 Suchedni\u00f3w<\/strong><\/p><p><strong>tel: 41 254 32 12<\/strong><\/p><p><strong>\u00a0<\/strong><\/p><p>Przemoc domowa to przest\u0119pstwo \u015bcigane z urz\u0119du. Policja ma obowi\u0105zek zawsze interweniowa\u0107. \u00a0W przypadku stwierdzenia wyst\u0119powania przemocy domowej zobowi\u0105zana jest wszcz\u0105\u0107 procedur\u0119 Niebieskiej Karty, obejmuj\u0105c\u0105 interdyscyplinarne czynno\u015bci maj\u0105ce na celu zatrzymanie przemocy domowej.<\/p><p><strong>Gminny O\u015brodek Pomocy Spo\u0142ecznej w \u0141\u0105cznej<\/strong><\/p><p><strong>Kamionki 60<\/strong><\/p><p><strong>26-140 \u0141\u0105czna<\/strong><\/p><p><strong>tel: 41 254 84 79<\/strong><\/p><p><strong>\u00a0<\/strong><\/p><p>Osoba doznaj\u0105ca przemocy domowej b\u0105d\u017a \u015bwiadek przemocy mo\u017ce zg\u0142osi\u0107 si\u0119 do Gminnego O\u015brodka Pomocy Spo\u0142ecznej w \u0141\u0105cznej, gdzie dzia\u0142a <strong>Zesp\u00f3\u0142 Interdyscyplinarny ds. Przeciwdzia\u0142ania Przemocy Domowej w Gminie \u0141\u0105czna<\/strong>, kt\u00f3ry realizuje dzia\u0142ania maj\u0105ce na celu przeciwdzia\u0142anie przemocy domowej.<\/p><p><strong>Gminna Komisja Rozwi\u0105zywania Problem\u00f3w Alkoholowych<\/strong><\/p><p><strong>Czerwona G\u00f3rka 1B<\/strong><\/p><p><strong>26-140 \u0141\u0105czna<\/strong><\/p><p><strong>tel: 41 254 89 67<\/strong><\/p><p><strong>\u00a0<\/strong><\/p><p>W przypadku gdy przemoc domowa jest zwi\u0105zana z nadu\u017cywaniem alkoholu, osoby jej do\u015bwiadczaj\u0105ce mog\u0105 si\u0119 zg\u0142osi\u0107 do Gminnej Komisji Rozwi\u0105zywania Problem\u00f3w Alkoholowych.<\/p><p>Prokuratura Rejonowa w Skar\u017cysku-Kamiennej<\/p><ol><li>Sikorskiego 20<\/li><\/ol><p>26-110 Skar\u017cysko-Kamienna<\/p><p>tel: 41 395 61 50<\/p><p>Ka\u017cda osoba doznaj\u0105ca przemocy, jak r\u00f3wnie\u017c \u015bwiadkowie maj\u0105 prawo z\u0142o\u017cy\u0107 na Policji lub w Prokuraturze wniosek o wszcz\u0119cie post\u0119powania karnego wobec osoby, stosuj\u0105cej przemoc.<\/p><p>Powiatowe Centrum Pomocy Rodzinie<\/p><ol><li>Plac Floria\u0144ski 1<\/li><\/ol><p>26-110 Skar\u017cysko-Kamienna<\/p><p>tel: 41 252 19 53<\/p><p>PCPR w Skar\u017cysku-Kamiennej realizuje programy oddzia\u0142ywa\u0144 korekcyjno \u2013 edukacyjnych dla os\u00f3b stosuj\u0105cych przemoc domow\u0105.<\/p><p><strong>\u00a0<\/strong><\/p><p><strong>\u00a0<\/strong><\/p><p style=\"text-align: center;\"><span style=\"color: #ff0000;\"><strong><u>Wa\u017cne telefony<\/u><\/strong><\/span><\/p><p><strong>\u00a0<\/strong><\/p><p><strong>112 \u2013 <\/strong>Numer alarmowy<\/p><p><strong>800 120 002 \u2013 <\/strong>\u201eNiebieska Linia\u201d<\/p><p><strong>116 111 \u2013 <\/strong>Bezp\u0142atny telefon zaufania dla dzieci i m\u0142odzie\u017cy<\/p><p><strong>800 12 12 12 \u2013 <\/strong>Dzieci\u0119cy Telefon Zaufania Rzecznika Praw Dziecka<\/p><p><strong>800 156 032 \u2013 <\/strong>Policyjny Telefon Zaufania<\/p><p><strong>116 132 \u2013 <\/strong>Bezp\u0142atny kryzysowy telefon zaufania dla doros\u0142ych<\/p><p><strong>800 70 22 22 \u2013 <\/strong>Centrum wsparcia dla os\u00f3b w stanie kryzysu psychicznego<\/p><p><strong>22 635 09 54 \u2013 <\/strong>Telefon zaufania dla os\u00f3b starszych<\/p><p><strong>800 10 01 00 \u2013 <\/strong>Bezp\u0142atny telefon dla rodzic\u00f3w i nauczycieli w sprawie bezpiecze\u0144stwa dzieci<\/p><p><strong>\u00a0<\/strong><\/p><p><strong>\u00a0<\/strong><\/p><p><strong>\u00a0<\/strong><\/p><p style=\"text-align: center;\"><span style=\"color: #ff0000;\"><strong>Co to jest przemoc?<\/strong><\/span><\/p><p><strong>\u00a0<\/strong><\/p><p>Ustawa z dnia 29 lipca 2005 r. o przeciwdzia\u0142aniu przemocy domowej (t.j. Dz. U. z 2024 r. poz. 424.) jest obecnie obowi\u0105zuj\u0105cym aktem prawnym w Polsce. Zgodnie z art. 1 ust. 1 tej ustawy przez poj\u0119cie <strong>przemocy domowej<\/strong> nale\u017cy rozumie\u0107 jednorazowe lub powtarzaj\u0105ce si\u0119 umy\u015blne dzia\u0142anie b\u0105d\u017a zaniechanie, wykorzystuj\u0105ce przewag\u0119 fizyczn\u0105, psychiczn\u0105 lub ekonomiczn\u0105, naruszaj\u0105ce prawa lub dobra osobiste osoby doznaj\u0105cej przemocy domowej, w szczeg\u00f3lno\u015bci:<\/p><ul><li>nara\u017caj\u0105ce t\u0119 osob\u0119 na niebezpiecze\u0144stwo utraty \u017cycia, zdrowia lub mienia;<\/li><li>naruszaj\u0105ce jej godno\u015b\u0107, nietykalno\u015b\u0107 cielesn\u0105 lub wolno\u015b\u0107, w tym seksualn\u0105;<\/li><li>powoduj\u0105c\u0105 szkody na jej zdrowiu fizycznym lub psychicznym, wywo\u0142uj\u0105c u tej osoby cierpienie lub krzywd\u0119;<\/li><li>ograniczaj\u0105ce lub pozbawiaj\u0105ce t\u0119 osob\u0119 dost\u0119pu do \u015brodk\u00f3w finansowych b\u0105d\u017a mo\u017cliwo\u015bci podj\u0119cia pracy albo uzyskania samodzielno\u015bci finansowej;<\/li><li>istotnie naruszaj\u0105ce prywatno\u015b\u0107 tej osoby lub wzbudzaj\u0105ce u niej poczucie zagro\u017cenia, poni\u017cenia lub udr\u0119czenia, w tym podejmowane za pomoc\u0105 \u015brodk\u00f3w komunikacji elektronicznej.<\/li><\/ul><p>Zgodnie z art. 2 niniejszej ustawy przez osob\u0119 doznaj\u0105c\u0105 przemocy nale\u017cy rozumie\u0107:<\/p><ul><li>ma\u0142\u017conka, tak\u017ce w przypadku gdy ma\u0142\u017ce\u0144stwo usta\u0142o lub zosta\u0142o uniewa\u017cnione, oraz jego wst\u0119pnych, zst\u0119pnych, rodze\u0144stwo i ich ma\u0142\u017conk\u00f3w;<\/li><li>wst\u0119pnych i zst\u0119pnych oraz ich ma\u0142\u017conk\u00f3w;<\/li><li>rodze\u0144stwo oraz ich wst\u0119pnych, zst\u0119pnych i ich ma\u0142\u017conk\u00f3w;<\/li><li>osob\u0119 pozostaj\u0105c\u0105 w stosunku przysposobienia i jej ma\u0142\u017conka oraz ich wst\u0119pnych, zst\u0119pnych, rodze\u0144stwo i ich ma\u0142\u017conk\u00f3w;<\/li><li>osob\u0119 pozostaj\u0105c\u0105 obecnie lub w przesz\u0142o\u015bci we wsp\u00f3lnym po\u017cyciu oraz jej wst\u0119pnych, zst\u0119pnych, rodze\u0144stwo i ich ma\u0142\u017conk\u00f3w;<\/li><li>osob\u0119 wsp\u00f3lnie zamieszkuj\u0105c\u0105 i gospodaruj\u0105c\u0105 oraz jej wst\u0119pnych, zst\u0119pnych, rodze\u0144stwo i ich ma\u0142\u017conk\u00f3w;<\/li><li>osob\u0119 pozostaj\u0105c\u0105 obecnie lub w przesz\u0142o\u015bci w trwa\u0142ej relacji uczuciowej lub fizycznej niezale\u017cnie od wsp\u00f3lnego zamieszkiwania i gospodarowania;<\/li><li>ma\u0142oletniego<\/li><\/ul><p>&#8211; wobec kt\u00f3rych stosowana jest przemoc.<\/p><h4>Przez osob\u0119 doznaj\u0105c\u0105 przemocy domowej nale\u017cy tak\u017ce rozumie\u0107 ma\u0142oletniego b\u0119d\u0105cego \u015bwiadkiem przemocy domowej wobec os\u00f3b.<\/h4><p>Rodzaje przemocy domowej:<\/p><ul><li>fizyczna \u2013 agresywne zachowanie polegaj\u0105ce na u\u017cyciu si\u0142y, kt\u00f3re prowadzi do naruszenia nietykalno\u015bci cielesnej ofiary (bicie, szarpanie, kopanie, duszenie, popychanie, obezw\u0142adnianie i inne);<\/li><li>psychiczna \u2013 agresywne dzia\u0142ania wykorzystuj\u0105ce mechanizmy psychologiczne powoduj\u0105ce obni\u017cenie w\u0142asnej warto\u015bci ofiary i pojawienie si\u0119 stan\u00f3w l\u0119kowych i nerwicowych (izolowanie, wyzywanie, o\u015bmieszanie, gro\u017cenie, krytykowanie, poni\u017canie, i inne);<\/li><li>ekonomiczna \u2013 uniemo\u017cliwianie dost\u0119pu do wolnych \u015brodk\u00f3w finansowych, lub pozbawiaj\u0105ce osob\u0119 doznaj\u0105c\u0105 przemocy mo\u017cliwo\u015bci podj\u0119cia zatrudnienia (nie\u0142o\u017cenie na utrzymanie os\u00f3b, wobec kt\u00f3rych istnieje taki obowi\u0105zek, niezaspokojenie potrzeb materialnych, niszczenie rzeczy osobistych, demolowanie mieszkania, wynoszenie sprz\u0119t\u00f3w domowych oraz ich sprzedawanie i inne);<\/li><li>seksualna \u2013 wymuszanie po\u017cycia seksualnego, nieakceptowanych lub niechcianych praktyk seksualnych w celu zaspokojenia potrzeb seksualnych sprawcy (zmuszanie do obcowania p\u0142ciowego, innych czynno\u015bci seksualnych i inne);<\/li><li>cyberprzemoc \u2013 dzia\u0142ania istotnie naruszaj\u0105ce prywatno\u015b\u0107 osoby doznaj\u0105cej przemocy domowej lub wzbudzaj\u0105ce u niej poczucie zagro\u017cenia, poni\u017cenia lub udr\u0119czenia, w tym podejmowane za pomoc\u0105 \u015brodk\u00f3w komunikacji elektronicznej (wyzywanie, straszenie, poni\u017canie osoby w Internecie lub przy u\u017cyciu telefonu, robienie jej zdj\u0119\u0107 lub rejestrowanie film\u00f3w bez jej zgody, publikowanie w Internecie lub rozsy\u0142anie telefonem zdj\u0119\u0107, film\u00f3w lub tekst\u00f3w, kt\u00f3re j\u0105 obra\u017caj\u0105 lub o\u015bmieszaj\u0105, i inne)<\/li><li>zaniedbanie \u2013 ci\u0105g\u0142e niezaspokajanie podstawowych potrzeb fizycznych i emocjonalnych os\u00f3b zale\u017cnych<\/li><\/ul><h4>ZAPAMI\u0118TAJ PRZEMOC W RODZINIE JEST PRZEST\u0118PSTWEM !!!<\/h4><p style=\"text-align: center;\"><strong><span style=\"color: #ff0000;\">Zesp\u00f3\u0142 Interdyscyplinarny w Gminie \u0141\u0105czna<\/span><\/strong><\/p><p>Zesp\u00f3\u0142 Interdyscyplinarny w Gminie \u0141\u0105czna jest elementem gminnego systemu przeciwdzia\u0142ania przemocy domowej. Stanowi metod\u0119 pracy, kt\u00f3ra jest oparta ma systemowym wsp\u00f3\u0142dzia\u0142aniu lokalnych instytucji, podmiot\u00f3w i s\u0142u\u017cb a tak\u017ce wieloaspektowym podej\u015bciu do problemu przemocy.<\/p><p>Zesp\u00f3\u0142 Interdyscyplinarny tworzy grupa specjalist\u00f3w z r\u00f3\u017cnych dziedzin. Ma to na celu kompleksowe dzia\u0142ania skierowane na udzielenie pomocy rodzinom do\u015bwiadczaj\u0105cym przemocy. Interdyscyplinarna praca zwi\u0119ksza skuteczno\u015b\u0107 dzia\u0142a\u0144 oraz pozwala wykorzysta\u0107 zasoby poszczeg\u00f3lnych instytucji do ograniczania zjawiska przemocy domowej.<\/p><p>Nowelizacja ustawy o przeciwdzia\u0142aniu przemocy domowej z dnia 9 marca 2023 r. na\u0142o\u017cy\u0142a obowi\u0105zek powo\u0142ania nowych Zespo\u0142\u00f3w Interdyscyplinarnych. Zarz\u0105dzeniem W\u00f3jta Gminy \u0141\u0105czna z dnia 21 wrze\u015bnia 2023 r. zosta\u0142 powo\u0142any nowy Zesp\u00f3\u0142 Interdyscyplinarny w Gminie \u0141\u0105czna w sk\u0142ad kt\u00f3rego powo\u0142ano reprezentant\u00f3w:<\/p><ul><li>Gminnego O\u015brodka Pomocy Spo\u0142ecznej w \u0141\u0105cznej,<\/li><li>Komisariatu Policji w Suchedniowie,<\/li><li>Gminnej Komisji Rozwi\u0105zywania Problem\u00f3w Alkoholowych w \u0141\u0105cznej,<\/li><li>Niepublicznego Zak\u0142adu Opieki Zdrowotnej w \u0141\u0105cznej,<\/li><li>Zespo\u0142u Szkolno-Przedszkolnego w \u0141\u0105cznej,<\/li><li>Zespo\u0142u Szk\u00f3\u0142 w Go\u017adzie,<\/li><li>S\u0105du Rejonowego w Skar\u017cysku-Kamiennej: Wydzia\u0142u Rodzinnego i Nieletnich oraz Wydzia\u0142u Karnego,<\/li><li>Stowarzyszenia: Ochotnicza Stra\u017c Po\u017carna w \u0141\u0105cznej.<\/li><\/ul><p>Zadaniami Zespo\u0142u Interdyscyplinarnego s\u0105 w szczeg\u00f3lno\u015bci:<\/p><ul><li>diagnozowanie zjawiska przemocy domowej,<\/li><li>podejmowanie dzia\u0142a\u0144 w \u015brodowisku zagro\u017conym przemoc\u0105 domow\u0105, kt\u00f3re maj\u0105 na celu przeciwdzia\u0142anie temu problemowi,<\/li><li>inicjowanie interwencji w \u015brodowisku dotkni\u0119tym przemoc\u0105 domow\u0105,<\/li><li>rozpowszechnianie informacji o instytucjach, osobach i mo\u017cliwo\u015bciach udzielenia pomocy w \u015brodowisku lokalnym,<\/li><li>inicjowanie dzia\u0142a\u0144 w stosunku do os\u00f3b stosuj\u0105cych przemoc domow\u0105.<\/li><\/ul><p>Maj\u0105c na celu rozwi\u0105zywanie problem\u00f3w wyst\u0119puj\u0105cych w zwi\u0105zku z pojawieniem si\u0119 przemocy domowej w indywidualnych przypadkach Zesp\u00f3\u0142 Interdyscyplinarny powo\u0142uje <strong>grupy diagnostyczno-pomocowe<\/strong>, do kt\u00f3rych zada\u0144 nale\u017cy mi\u0119dzy innymi:<\/p><ul><li>opracowanie i realizacja planu pomocy w indywidualnych przypadkach wyst\u0105pienia przemocy domowej,<\/li><li>monitorowanie sytuacji rodzin, w kt\u00f3rych dochodzi do przemocy oraz rodzin zagro\u017conych wyst\u0105pieniem przemocy,<\/li><li>dokumentowanie dzia\u0142a\u0144 podejmowanych wobec rodzin, w kt\u00f3rych dochodzi do przemocy oraz efekt\u00f3w tych dzia\u0142a\u0144.<\/li><\/ul><p><strong>Kontakt:<\/strong><\/p><p>Dzia\u0142alno\u015b\u0107 Zespo\u0142u Interdyscyplinarnego koordynuje:<\/p><p>Gminny O\u015brodek Pomocy Spo\u0142ecznej w \u0141\u0105cznej<\/p><p>Kamionki 60<\/p><p>26-140 \u0141\u0105czna<\/p><p>tel: 41 245 86 66<\/p><p>Gminny Program Przeciwdzia\u0142ania Przemocy Domowej i Ochrony Os\u00f3b Doznaj\u0105cych Przemocy Domowej na lata 2024-2030<\/p>\t\t\t\t\t\t\t\t<\/div>\n\t\t\t\t<\/div>\n\t\t\t\t\t<\/div>\n\t\t<\/div>\n\t\t\t\t\t<\/div>\n\t\t<\/section>\n\t\t\t\t<section class=\"elementor-section elementor-top-section elementor-element elementor-element-5eea332 elementor-section-boxed elementor-section-height-default elementor-section-height-default\" data-id=\"5eea332\" data-element_type=\"section\">\n\t\t\t\t\t\t<div class=\"elementor-container elementor-column-gap-default\">\n\t\t\t\t\t<div class=\"elementor-column elementor-col-100 elementor-top-column elementor-element elementor-element-0b41cc1\" data-id=\"0b41cc1\" data-element_type=\"column\">\n\t\t\t<div class=\"elementor-widget-wrap elementor-element-populated\">\n\t\t\t\t\t\t<div class=\"elementor-element elementor-element-3d6203b elementor-align-center elementor-widget elementor-widget-button\" data-id=\"3d6203b\" data-element_type=\"widget\" data-widget_type=\"button.default\">\n\t\t\t\t<div class=\"elementor-widget-container\">\n\t\t\t\t\t\t\t\t\t<div class=\"elementor-button-wrapper\">\n\t\t\t\t\t<a class=\"elementor-button elementor-button-link elementor-size-sm\" href=\"http:\/\/laczna2.opslaczna.pl\/wp-content\/uploads\/2024\/05\/GPPPD.pdf\">\n\t\t\t\t\t\t<span class=\"elementor-button-content-wrapper\">\n\t\t\t\t\t\t\t\t\t<span class=\"elementor-button-text\">Pobierz - pdf<\/span>\n\t\t\t\t\t<\/span>\n\t\t\t\t\t<\/a>\n\t\t\t\t<\/div>\n\t\t\t\t\t\t\t\t<\/div>\n\t\t\t\t<\/div>\n\t\t\t\t\t<\/div>\n\t\t<\/div>\n\t\t\t\t\t<\/div>\n\t\t<\/section>\n\t\t\t\t<\/div>\n\t\t","protected":false},"excerpt":{"rendered":"<p>\u00a0 Standardy Ochrony Ma\u0142oletnich \u00a0 Standardy Ochrony Ma\u0142oletnich w Gminnym O\u015brodku Pomocy Spo\u0142ecznej w \u0141\u0105cznej, to dokument skonstruowany jako zbi\u00f3r zasad i procedur post\u0119powania, kt\u00f3re musz\u0105 by\u0107 prze\u00adstrze\u00adgane i stosowane w celu zapewnienia bezpiecze\u0144stwa\u00a0 ma\u0142oletnim,\u00a0 na rzecz kt\u00f3rych \u015bwiadczone s\u0105 us\u0142ugi realizowane przez GOPS, w szczeg\u00f3lno\u015bci przez osoby \u015bwiadcz\u0105ce specjalistyczne us\u0142ugi opieku\u0144cze dla os\u00f3b z &hellip; <\/p>\n","protected":false},"author":2,"featured_media":0,"parent":0,"menu_order":0,"comment_status":"closed","ping_status":"closed","template":"","meta":{"footnotes":""},"class_list":["post-1227","page","type-page","status-publish","hentry"],"_links":{"self":[{"href":"https:\/\/opslaczna.pl\/index.php?rest_route=\/wp\/v2\/pages\/1227","targetHints":{"allow":["GET"]}}],"collection":[{"href":"https:\/\/opslaczna.pl\/index.php?rest_route=\/wp\/v2\/pages"}],"about":[{"href":"https:\/\/opslaczna.pl\/index.php?rest_route=\/wp\/v2\/types\/page"}],"author":[{"embeddable":true,"href":"https:\/\/opslaczna.pl\/index.php?rest_route=\/wp\/v2\/users\/2"}],"replies":[{"embeddable":true,"href":"https:\/\/opslaczna.pl\/index.php?rest_route=%2Fwp%2Fv2%2Fcomments&post=1227"}],"version-history":[{"count":10,"href":"https:\/\/opslaczna.pl\/index.php?rest_route=\/wp\/v2\/pages\/1227\/revisions"}],"predecessor-version":[{"id":1293,"href":"https:\/\/opslaczna.pl\/index.php?rest_route=\/wp\/v2\/pages\/1227\/revisions\/1293"}],"wp:attachment":[{"href":"https:\/\/opslaczna.pl\/index.php?rest_route=%2Fwp%2Fv2%2Fmedia&parent=1227"}],"curies":[{"name":"wp","href":"https:\/\/api.w.org\/{rel}","templated":true}]}}