{"id":12,"date":"2020-09-23T06:27:26","date_gmt":"2020-09-23T06:27:26","guid":{"rendered":"http:\/\/laczna2.opslaczna.pl\/?page_id=12"},"modified":"2026-04-22T08:48:15","modified_gmt":"2026-04-22T08:48:15","slug":"statut","status":"publish","type":"page","link":"https:\/\/opslaczna.pl\/?page_id=12","title":{"rendered":"Statut"},"content":{"rendered":"\t\t<div data-elementor-type=\"wp-page\" data-elementor-id=\"12\" class=\"elementor elementor-12\">\n\t\t\t\t\t\t<section class=\"elementor-section elementor-top-section elementor-element elementor-element-7637b522 elementor-section-boxed elementor-section-height-default elementor-section-height-default\" data-id=\"7637b522\" data-element_type=\"section\">\n\t\t\t\t\t\t<div class=\"elementor-container elementor-column-gap-default\">\n\t\t\t\t\t<div class=\"elementor-column elementor-col-100 elementor-top-column elementor-element elementor-element-3b772605\" data-id=\"3b772605\" data-element_type=\"column\">\n\t\t\t<div class=\"elementor-widget-wrap elementor-element-populated\">\n\t\t\t\t\t\t<div class=\"elementor-element elementor-element-59f31e3 elementor-widget elementor-widget-text-editor\" data-id=\"59f31e3\" data-element_type=\"widget\" data-widget_type=\"text-editor.default\">\n\t\t\t\t<div class=\"elementor-widget-container\">\n\t\t\t\t\t\t\t\t\t<p style=\"text-align: center;\"><strong>Uchwa\u0142a Nr XXIX\/135\/2026<\/strong><\/p><p style=\"text-align: center;\"><strong>Rady Gminy \u0141\u0105czna<\/strong><\/p><p style=\"text-align: center;\"><strong>w sprawie przyj\u0119cia Statutu Gminnego O\u015brodka Pomocy Spo\u0142ecznej w \u0141\u0105cznej<\/strong><\/p>\t\t\t\t\t\t\t\t<\/div>\n\t\t\t\t<\/div>\n\t\t\t\t<div class=\"elementor-element elementor-element-187581b elementor-align-center elementor-widget elementor-widget-button\" data-id=\"187581b\" data-element_type=\"widget\" data-widget_type=\"button.default\">\n\t\t\t\t<div class=\"elementor-widget-container\">\n\t\t\t\t\t\t\t\t\t<div class=\"elementor-button-wrapper\">\n\t\t\t\t\t<a class=\"elementor-button elementor-button-link elementor-size-sm\" href=\"http:\/\/opslaczna.pl\/wp-content\/uploads\/2026\/04\/Scan2026-04-22_103400.pdf\">\n\t\t\t\t\t\t<span class=\"elementor-button-content-wrapper\">\n\t\t\t\t\t\t\t\t\t<span class=\"elementor-button-text\">Uchwa\u0142a - pobierz <\/span>\n\t\t\t\t\t<\/span>\n\t\t\t\t\t<\/a>\n\t\t\t\t<\/div>\n\t\t\t\t\t\t\t\t<\/div>\n\t\t\t\t<\/div>\n\t\t\t\t<div class=\"elementor-element elementor-element-12f49b5 elementor-align-center elementor-widget elementor-widget-button\" data-id=\"12f49b5\" data-element_type=\"widget\" data-widget_type=\"button.default\">\n\t\t\t\t<div class=\"elementor-widget-container\">\n\t\t\t\t\t\t\t\t\t<div class=\"elementor-button-wrapper\">\n\t\t\t\t\t<a class=\"elementor-button elementor-button-link elementor-size-sm\" href=\"http:\/\/opslaczna.pl\/wp-content\/uploads\/2026\/04\/Statut-GOS-Laczna.docx\">\n\t\t\t\t\t\t<span class=\"elementor-button-content-wrapper\">\n\t\t\t\t\t\t\t\t\t<span class=\"elementor-button-text\">Statut - pobierz<\/span>\n\t\t\t\t\t<\/span>\n\t\t\t\t\t<\/a>\n\t\t\t\t<\/div>\n\t\t\t\t\t\t\t\t<\/div>\n\t\t\t\t<\/div>\n\t\t\t\t<div class=\"elementor-element elementor-element-1d9b9e4e elementor-widget elementor-widget-text-editor\" data-id=\"1d9b9e4e\" data-element_type=\"widget\" data-widget_type=\"text-editor.default\">\n\t\t\t\t<div class=\"elementor-widget-container\">\n\t\t\t\t\t\t\t\t\t<p style=\"text-align: center;\"><strong>Uchwa\u0142a Nr XXIV\/134\/2020<\/strong><\/p><p style=\"text-align: center;\"><strong>Rady Gminy \u0141\u0105czna<\/strong><\/p><p style=\"text-align: center;\"><strong>w sprawie zatwierdzenia Statutu Gminnego O\u015brodka Pomocy Spo\u0142ecznej w \u0141\u0105cznej<\/strong><\/p>\t\t\t\t\t\t\t\t<\/div>\n\t\t\t\t<\/div>\n\t\t\t\t<div class=\"elementor-element elementor-element-4f0f024 elementor-align-center elementor-widget elementor-widget-button\" data-id=\"4f0f024\" data-element_type=\"widget\" data-widget_type=\"button.default\">\n\t\t\t\t<div class=\"elementor-widget-container\">\n\t\t\t\t\t\t\t\t\t<div class=\"elementor-button-wrapper\">\n\t\t\t\t\t<a class=\"elementor-button elementor-button-link elementor-size-sm\" href=\"http:\/\/opslaczna.pl\/wp-content\/uploads\/2021\/11\/statut-GOPS.pdf\">\n\t\t\t\t\t\t<span class=\"elementor-button-content-wrapper\">\n\t\t\t\t\t\t\t\t\t<span class=\"elementor-button-text\">Pobierz<\/span>\n\t\t\t\t\t<\/span>\n\t\t\t\t\t<\/a>\n\t\t\t\t<\/div>\n\t\t\t\t\t\t\t\t<\/div>\n\t\t\t\t<\/div>\n\t\t\t\t\t<\/div>\n\t\t<\/div>\n\t\t\t\t\t<\/div>\n\t\t<\/section>\n\t\t\t\t<section class=\"elementor-section elementor-top-section elementor-element elementor-element-96b36ed elementor-section-boxed elementor-section-height-default elementor-section-height-default\" data-id=\"96b36ed\" data-element_type=\"section\">\n\t\t\t\t\t\t<div class=\"elementor-container elementor-column-gap-default\">\n\t\t\t\t\t<div class=\"elementor-column elementor-col-100 elementor-top-column elementor-element elementor-element-cb4de62\" data-id=\"cb4de62\" data-element_type=\"column\">\n\t\t\t<div class=\"elementor-widget-wrap elementor-element-populated\">\n\t\t\t\t\t\t<div class=\"elementor-element elementor-element-996acb8 elementor-widget elementor-widget-text-editor\" data-id=\"996acb8\" data-element_type=\"widget\" data-widget_type=\"text-editor.default\">\n\t\t\t\t<div class=\"elementor-widget-container\">\n\t\t\t\t\t\t\t\t\t<p style=\"text-align: center;\"><strong>Uchwa\u0142a NR XXVIII\/156\/2021<\/strong><\/p>\n<p style=\"text-align: center;\"><strong>Rady Gminy \u0141\u0105czna<\/strong><\/p>\n<p style=\"text-align: center;\"><strong>dotycz\u0105ca zmiany uchwa\u0142y w sprawie zatwierdzenia Statutu Gminnego O\u015brodka Pomocy Spo\u0142ecznej w\u00a0 \u0141\u0105cznej<\/strong><\/p>\t\t\t\t\t\t\t\t<\/div>\n\t\t\t\t<\/div>\n\t\t\t\t<div class=\"elementor-element elementor-element-75b040c elementor-align-center elementor-widget elementor-widget-button\" data-id=\"75b040c\" data-element_type=\"widget\" data-widget_type=\"button.default\">\n\t\t\t\t<div class=\"elementor-widget-container\">\n\t\t\t\t\t\t\t\t\t<div class=\"elementor-button-wrapper\">\n\t\t\t\t\t<a class=\"elementor-button elementor-button-link elementor-size-sm\" href=\"http:\/\/opslaczna.pl\/wp-content\/uploads\/2021\/11\/Scan2021-11-04_144203.pdf\">\n\t\t\t\t\t\t<span class=\"elementor-button-content-wrapper\">\n\t\t\t\t\t\t\t\t\t<span class=\"elementor-button-text\">Pobierz<\/span>\n\t\t\t\t\t<\/span>\n\t\t\t\t\t<\/a>\n\t\t\t\t<\/div>\n\t\t\t\t\t\t\t\t<\/div>\n\t\t\t\t<\/div>\n\t\t\t\t\t<\/div>\n\t\t<\/div>\n\t\t\t\t\t<\/div>\n\t\t<\/section>\n\t\t\t\t<\/div>\n\t\t","protected":false},"excerpt":{"rendered":"<p>Uchwa\u0142a Nr XXIX\/135\/2026 Rady Gminy \u0141\u0105czna w sprawie przyj\u0119cia Statutu Gminnego O\u015brodka Pomocy Spo\u0142ecznej w \u0141\u0105cznej Uchwa\u0142a &#8211; pobierz Statut &#8211; pobierz Uchwa\u0142a Nr XXIV\/134\/2020 Rady Gminy \u0141\u0105czna w sprawie zatwierdzenia Statutu Gminnego O\u015brodka Pomocy Spo\u0142ecznej w \u0141\u0105cznej Pobierz Uchwa\u0142a NR XXVIII\/156\/2021 Rady Gminy \u0141\u0105czna dotycz\u0105ca zmiany uchwa\u0142y w sprawie zatwierdzenia Statutu Gminnego O\u015brodka Pomocy &hellip; <\/p>\n","protected":false},"author":2,"featured_media":0,"parent":0,"menu_order":0,"comment_status":"closed","ping_status":"closed","template":"","meta":{"footnotes":""},"class_list":["post-12","page","type-page","status-publish","hentry"],"_links":{"self":[{"href":"https:\/\/opslaczna.pl\/index.php?rest_route=\/wp\/v2\/pages\/12","targetHints":{"allow":["GET"]}}],"collection":[{"href":"https:\/\/opslaczna.pl\/index.php?rest_route=\/wp\/v2\/pages"}],"about":[{"href":"https:\/\/opslaczna.pl\/index.php?rest_route=\/wp\/v2\/types\/page"}],"author":[{"embeddable":true,"href":"https:\/\/opslaczna.pl\/index.php?rest_route=\/wp\/v2\/users\/2"}],"replies":[{"embeddable":true,"href":"https:\/\/opslaczna.pl\/index.php?rest_route=%2Fwp%2Fv2%2Fcomments&post=12"}],"version-history":[{"count":16,"href":"https:\/\/opslaczna.pl\/index.php?rest_route=\/wp\/v2\/pages\/12\/revisions"}],"predecessor-version":[{"id":1903,"href":"https:\/\/opslaczna.pl\/index.php?rest_route=\/wp\/v2\/pages\/12\/revisions\/1903"}],"wp:attachment":[{"href":"https:\/\/opslaczna.pl\/index.php?rest_route=%2Fwp%2Fv2%2Fmedia&parent=12"}],"curies":[{"name":"wp","href":"https:\/\/api.w.org\/{rel}","templated":true}]}}